{"id":109,"date":"2016-02-18T21:43:55","date_gmt":"2016-02-18T19:43:55","guid":{"rendered":"http:\/\/boeimige-naturprojekte.ch\/?page_id=109"},"modified":"2026-06-11T06:17:13","modified_gmt":"2026-06-11T06:17:13","slug":"wer-sind-wir","status":"publish","type":"page","link":"https:\/\/boeimige.ch\/?page_id=109","title":{"rendered":"Team und Vorstand"},"content":{"rendered":"<div class=\"wp-block-image\">\n<figure class=\"alignleft size-full is-resized\"><img loading=\"lazy\" decoding=\"async\" width=\"822\" height=\"982\" src=\"https:\/\/boeimige.ch\/wp-content\/uploads\/2025\/07\/angelika.jpg\" alt=\"\" class=\"wp-image-5494\" style=\"aspect-ratio:0.8500088542588985;object-fit:cover;width:113px\" srcset=\"https:\/\/boeimige.ch\/wp-content\/uploads\/2025\/07\/angelika.jpg 822w, https:\/\/boeimige.ch\/wp-content\/uploads\/2025\/07\/angelika-251x300.jpg 251w, https:\/\/boeimige.ch\/wp-content\/uploads\/2025\/07\/angelika-768x917.jpg 768w\" sizes=\"auto, (max-width: 822px) 100vw, 822px\" \/><\/figure>\n<\/div>\n\n\n<p class=\"has-text-align-right wp-block-paragraph\" style=\"text-indent:0px\"><strong>Angelika Ramseier, Co-Leitung Waldspielgruppe<\/strong> <br>Dipl. Spielgruppenleiterin, Naturp\u00e4dagogin aai-vebe, Zierpflanzeng\u00e4rtnerin, Pflegeassistentin, Familienfrau<\/p>\n\n\n\n<p class=\"wp-block-paragraph\"><em>&#8222;Mich fasziniert der Wald, weil er so viel bietet. Er l\u00e4dt ein zum Forschen, Entdecken und Experimentieren. Die Kinder werden sch\u00f6pferisch t\u00e4tig und brauchen dazu ihre ganze Fantasie. Er ist ein Sinnesparadies. Die Kinder werden angeregt, ohne \u00fcberreizt zu werden. Der Wald wird dem hohen Bewegungsdrang den Kindern gerecht und schenkt Ruhe und Erholung. Ich freue mich, mit ihrem Kind den Wald auf diese Weise zu entdecken.&#8220;<\/em><\/p>\n\n\n\n<hr class=\"wp-block-separator has-alpha-channel-opacity\"\/>\n\n\n<div class=\"wp-block-image\">\n<figure class=\"alignleft size-medium is-resized\"><img loading=\"lazy\" decoding=\"async\" width=\"205\" height=\"300\" src=\"https:\/\/boeimige.ch\/wp-content\/uploads\/2026\/06\/43b2f3f2-facc-4d54-9f48-6699d41a1aa0_61B2B5E4-3367-4792-A39B-83C32F4D0FB2-205x300.jpg\" alt=\"\" class=\"wp-image-5730\" style=\"aspect-ratio:0.7041736961783907;object-fit:cover;width:113px\" srcset=\"https:\/\/boeimige.ch\/wp-content\/uploads\/2026\/06\/43b2f3f2-facc-4d54-9f48-6699d41a1aa0_61B2B5E4-3367-4792-A39B-83C32F4D0FB2-205x300.jpg 205w, https:\/\/boeimige.ch\/wp-content\/uploads\/2026\/06\/43b2f3f2-facc-4d54-9f48-6699d41a1aa0_61B2B5E4-3367-4792-A39B-83C32F4D0FB2-698x1024.jpg 698w, https:\/\/boeimige.ch\/wp-content\/uploads\/2026\/06\/43b2f3f2-facc-4d54-9f48-6699d41a1aa0_61B2B5E4-3367-4792-A39B-83C32F4D0FB2-768x1126.jpg 768w, https:\/\/boeimige.ch\/wp-content\/uploads\/2026\/06\/43b2f3f2-facc-4d54-9f48-6699d41a1aa0_61B2B5E4-3367-4792-A39B-83C32F4D0FB2-1047x1536.jpg 1047w, https:\/\/boeimige.ch\/wp-content\/uploads\/2026\/06\/43b2f3f2-facc-4d54-9f48-6699d41a1aa0_61B2B5E4-3367-4792-A39B-83C32F4D0FB2.jpg 1194w\" sizes=\"auto, (max-width: 205px) 100vw, 205px\" \/><\/figure>\n<\/div>\n\n\n<p class=\"has-text-align-right wp-block-paragraph\"><strong><strong>Tanja Soltermann, Co-Leitung Waldspielgruppe<\/strong><\/strong> <br>Spielgruppenleiterin, Naturp\u00e4dagogin aai-vebe in Ausbildung, Sozialversicherungsfachfrau, Familienfrau<\/p>\n\n\n\n<p class=\"wp-block-paragraph\" style=\"font-style:italic;font-weight:400\">&#8222;Mir\u00a0macht es Freude, mit den Kindern durch den Wald zu streifen, die Jahreszeiten zu erleben und immer wieder neues zu entdecken. Beim freien Spiel im Wald haben die Kinder viel Raum f\u00fcr Fantasie und Kreativit\u00e4t. Dabei fasziniert mich, was sie h\u00f6ren, riechen und sehen und wie nat\u00fcrlich ihre Sinne alles aufnehmen. Und ich freue mich, mit ihnen viele feine\u00a0&#8222;Menus&#8220;\u00a0\u00fcber dem Feuer kochen zu d\u00fcrfen.&#8220;<br><\/p>\n\n\n\n<hr class=\"wp-block-separator has-alpha-channel-opacity\"\/>\n\n\n<div class=\"wp-block-image\">\n<figure class=\"alignleft size-full is-resized\"><img loading=\"lazy\" decoding=\"async\" width=\"421\" height=\"515\" src=\"https:\/\/boeimige.ch\/wp-content\/uploads\/2016\/11\/unbenannt1-e1581957815443.png\" alt=\"\" class=\"wp-image-390\" style=\"aspect-ratio:0.8224915290454532;object-fit:cover;width:126px;height:auto\" srcset=\"https:\/\/boeimige.ch\/wp-content\/uploads\/2016\/11\/unbenannt1-e1581957815443.png 421w, https:\/\/boeimige.ch\/wp-content\/uploads\/2016\/11\/unbenannt1-e1581957815443-245x300.png 245w\" sizes=\"auto, (max-width: 421px) 100vw, 421px\" \/><\/figure>\n<\/div>\n\n\n<p class=\"has-text-align-right wp-block-paragraph\"><strong>Regula Bendel, Vorstandsmitglied<\/strong> <br>Waldkinder-Naturp\u00e4dagogin, Kinderg\u00e4rtnerin, Primarlehrerin, Mitglied SSLV und Erbinat<\/p>\n\n\n\n<p class=\"wp-block-paragraph\" style=\"font-style:italic;font-weight:400\"><em>&#8222;Ich bin \u00fcberzeugt, dass der Wald ein idealer Lern- und Spielort f\u00fcr Kinder ist. Das Draussen-Sein erm\u00f6glicht unz\u00e4hlige originale Sinneseindr\u00fccke, vielf\u00e4ltige Bewegungsm\u00f6glichkeiten, Raum zum Experimentieren und selber t\u00e4tig zu sein. Nicht zuletzt fasziniert mich immer wieder die Kreativit\u00e4t der Kinder im Wald: aus dem Tannenzapfen wird im Nu ein M\u00e4uschen, ein Bus oder ein Musikinstrument. Es ist eine wundersch\u00f6ne Aufgabe, die Kinder auf ihren Wegen in der Natur begleiten zu d\u00fcrfen!&#8220;<\/em><\/p>\n\n\n\n<hr class=\"wp-block-separator has-alpha-channel-opacity\"\/>\n\n\n<div class=\"wp-block-image\">\n<figure class=\"alignleft size-medium is-resized\"><img loading=\"lazy\" decoding=\"async\" width=\"207\" height=\"300\" src=\"https:\/\/boeimige.ch\/wp-content\/uploads\/2020\/02\/20160608_152337259-e1581957436302-207x300.jpg\" alt=\"20160608_152337[259]\" class=\"wp-image-1282\" style=\"width:113px;height:auto\" srcset=\"https:\/\/boeimige.ch\/wp-content\/uploads\/2020\/02\/20160608_152337259-e1581957436302-207x300.jpg 207w, https:\/\/boeimige.ch\/wp-content\/uploads\/2020\/02\/20160608_152337259-e1581957436302.jpg 691w\" sizes=\"auto, (max-width: 207px) 100vw, 207px\" \/><\/figure>\n<\/div>\n\n\n<p class=\"has-text-align-right wp-block-paragraph\"><strong>Marianne Grimm, Leitung Eltern-Kind-Gruppe und Vorstandsmitglied<\/strong> <br>Familienfrau, Typografin, Werbeassistentin, Diplomierte Waldspielgruppenleiterin \/ Fr\u00fchkindliche Bildung Waldkinder St. Gallen, Mitglied Erbinat<\/p>\n\n\n\n<p class=\"wp-block-paragraph\"><em>\u201eIm Januar 2021 konnte ich das Waldspielgruppen-Diplom in meinem Rucksack packen. Jetzt freu ich mich sehr, dass ich im Eggwald Kinder begleiten darf, wenn sie ihre starken Wurzeln ausbilden und ihre Fl\u00fcgel entfalten. Gerne packe ich weitere Naturprojekte an. Vielleicht feiern wir zusammen einen Kindergeburtstag, machen einen Baumspaziergang oder lauschen Geschichten am Feuer. B\u00f6imige Ideen gibt es viele!\u201c<\/em><\/p>\n\n\n\n<hr class=\"wp-block-separator has-alpha-channel-opacity\"\/>\n\n\n<div class=\"wp-block-image\">\n<figure class=\"alignleft size-large is-resized\"><img loading=\"lazy\" decoding=\"async\" width=\"768\" height=\"1024\" src=\"https:\/\/boeimige.ch\/wp-content\/uploads\/2024\/06\/PM_01-02-01.06.2024-01-768x1024.jpg\" alt=\"\" class=\"wp-image-5150\" style=\"aspect-ratio:0.7666666666666667;width:122px;height:auto\" srcset=\"https:\/\/boeimige.ch\/wp-content\/uploads\/2024\/06\/PM_01-02-01.06.2024-01-768x1024.jpg 768w, https:\/\/boeimige.ch\/wp-content\/uploads\/2024\/06\/PM_01-02-01.06.2024-01-225x300.jpg 225w, https:\/\/boeimige.ch\/wp-content\/uploads\/2024\/06\/PM_01-02-01.06.2024-01-1152x1536.jpg 1152w, https:\/\/boeimige.ch\/wp-content\/uploads\/2024\/06\/PM_01-02-01.06.2024-01-1536x2048.jpg 1536w, https:\/\/boeimige.ch\/wp-content\/uploads\/2024\/06\/PM_01-02-01.06.2024-01-scaled.jpg 1920w\" sizes=\"auto, (max-width: 768px) 100vw, 768px\" \/><\/figure>\n<\/div>\n\n\n<p class=\"has-text-align-right wp-block-paragraph\"><strong>Matthias Marthaler, Leitung Projekt Marmotta und Vorstandsmitglied<\/strong> <br>Familienmann, J&amp;S Coach<\/p>\n\n\n\n<p class=\"wp-block-paragraph\" style=\"font-style:italic;font-weight:400\">&#8222;Ich setzte mich schon seit Jahren immer wieder gerne mit den verschiedenen Aspekten rund um das Thema Leben resp. \u00dcberleben in der Natur, im Wald auseinander. Mit dem Projekt Marmotta m\u00f6chte ich Kinder und Jugendliche auf Ihrem Weg zu verantwortungsvollen und engagierten Menschen heranzuwachsen, unterst\u00fctzen. Es ist mir ein Anliegen, respektvollen Umgang mit und in der Natur zu trainieren. Ebenso Mut, Abenteuerlust und Kreatvit\u00e4t zu f\u00f6rdern und einen sicheren Raum f\u00fcr diese zu bieten. Ich freue mich, mein Wissen im Bereich \u00abBushcraft \u2013 Handwerken und Leben in der Natur\u00bb weiter zu geben.&#8220;<\/p>\n\n\n\n<hr class=\"wp-block-separator has-alpha-channel-opacity\"\/>\n\n\n\n<p class=\"has-text-align-right wp-block-paragraph\"><strong>Angela Heule, Vorstandsmitglied<\/strong> <br>Geografin, Lehrerin<\/p>\n\n\n\n<p class=\"wp-block-paragraph\" style=\"font-style:italic;font-weight:400\"><em>&#8222;Meine drei T\u00f6chter haben die Waldspielgruppe der B\u00f6imigen besucht. Dabei machten sie viele wertvolle Erfahrungen im Wald und in der Gruppe. Als Worberin ist es mir ein Anliegen, dass viele weitere Kinder aus Worb und Umgebung von diesem Fr\u00fchf\u00f6rderungsangebot profitieren d\u00fcrfen, denn die B\u00f6imigen leisten einen wichtigen Beitrag zu einem nachhaltigem und respektvollen Umgang mit Natur und Gesellschaft.&#8220;<\/em><\/p>\n\n\n\n<hr class=\"wp-block-separator has-alpha-channel-opacity\"\/>\n\n\n<div class=\"wp-block-image\">\n<figure class=\"alignleft size-large is-resized\"><img loading=\"lazy\" decoding=\"async\" width=\"683\" height=\"1024\" src=\"https:\/\/boeimige.ch\/wp-content\/uploads\/2024\/11\/Foto-Daniela-Vetter-683x1024.jpg\" alt=\"\" class=\"wp-image-5277\" style=\"width:113px\" srcset=\"https:\/\/boeimige.ch\/wp-content\/uploads\/2024\/11\/Foto-Daniela-Vetter-683x1024.jpg 683w, https:\/\/boeimige.ch\/wp-content\/uploads\/2024\/11\/Foto-Daniela-Vetter-200x300.jpg 200w, https:\/\/boeimige.ch\/wp-content\/uploads\/2024\/11\/Foto-Daniela-Vetter-768x1152.jpg 768w, https:\/\/boeimige.ch\/wp-content\/uploads\/2024\/11\/Foto-Daniela-Vetter-1024x1536.jpg 1024w, https:\/\/boeimige.ch\/wp-content\/uploads\/2024\/11\/Foto-Daniela-Vetter-1365x2048.jpg 1365w, https:\/\/boeimige.ch\/wp-content\/uploads\/2024\/11\/Foto-Daniela-Vetter-scaled.jpg 1706w\" sizes=\"auto, (max-width: 683px) 100vw, 683px\" \/><\/figure>\n<\/div>\n\n\n<p class=\"has-text-align-right wp-block-paragraph\"><strong><strong>Daniela Kurt, Buchhaltung<\/strong><\/strong> <br>Fachfrau im Finanz- und Rechnungswesen, Familienfrau<br><\/p>\n\n\n\n<p class=\"has-text-align-right wp-block-paragraph\">Bei Fragen zu Finanzen und Rechnungen erreicht ihr Daniela unter&nbsp;<a href=\"mailto:buchhaltung@boeimige.ch\">buchhaltung@boeimige.ch<\/a><\/p>\n\n\n\n\n\n<p class=\"wp-block-paragraph\"><\/p>\n","protected":false},"excerpt":{"rendered":"<p>Angelika Ramseier, Co-Leitung Waldspielgruppe Dipl. Spielgruppenleiterin, Naturp\u00e4dagogin aai-vebe, Zierpflanzeng\u00e4rtnerin, Pflegeassistentin, Familienfrau &#8222;Mich fasziniert der Wald, weil er so viel bietet. Er l\u00e4dt ein zum Forschen, Entdecken und Experimentieren. Die Kinder werden sch\u00f6pferisch t\u00e4tig und brauchen dazu ihre ganze Fantasie. Er &hellip; <a href=\"https:\/\/boeimige.ch\/?page_id=109\">Weiterlesen <span class=\"meta-nav\">&rarr;<\/span><\/a><\/p>\n","protected":false},"author":1,"featured_media":0,"parent":126,"menu_order":0,"comment_status":"closed","ping_status":"closed","template":"","meta":{"footnotes":""},"class_list":["post-109","page","type-page","status-publish","hentry"],"yoast_head":"<!-- This site is optimized with the Yoast SEO plugin v28.3 - https:\/\/yoast.com\/product\/yoast-seo-wordpress\/ -->\n<title>Team und Vorstand - B\u00f6imige Naturprojekte<\/title>\n<meta name=\"robots\" content=\"index, follow, max-snippet:-1, max-image-preview:large, max-video-preview:-1\" \/>\n<link rel=\"canonical\" href=\"https:\/\/boeimige.ch\/?page_id=109\" \/>\n<meta property=\"og:locale\" content=\"de_DE\" \/>\n<meta property=\"og:type\" content=\"article\" \/>\n<meta property=\"og:title\" content=\"Team und Vorstand - B\u00f6imige Naturprojekte\" \/>\n<meta property=\"og:description\" content=\"Angelika Ramseier, Co-Leitung Waldspielgruppe Dipl. Spielgruppenleiterin, Naturp\u00e4dagogin aai-vebe, Zierpflanzeng\u00e4rtnerin, Pflegeassistentin, Familienfrau &#8222;Mich fasziniert der Wald, weil er so viel bietet. Er l\u00e4dt ein zum Forschen, Entdecken und Experimentieren. Die Kinder werden sch\u00f6pferisch t\u00e4tig und brauchen dazu ihre ganze Fantasie. Er &hellip; Weiterlesen &rarr;\" \/>\n<meta property=\"og:url\" content=\"https:\/\/boeimige.ch\/?page_id=109\" \/>\n<meta property=\"og:site_name\" content=\"B\u00f6imige Naturprojekte\" \/>\n<meta property=\"article:publisher\" content=\"https:\/\/www.facebook.com\/Eggwald3076\" \/>\n<meta property=\"article:modified_time\" content=\"2026-06-11T06:17:13+00:00\" \/>\n<meta property=\"og:image\" content=\"https:\/\/boeimige.ch\/wp-content\/uploads\/2025\/07\/angelika.jpg\" \/>\n\t<meta property=\"og:image:width\" content=\"822\" \/>\n\t<meta property=\"og:image:height\" content=\"982\" \/>\n\t<meta property=\"og:image:type\" content=\"image\/jpeg\" \/>\n<meta name=\"twitter:card\" content=\"summary_large_image\" \/>\n<meta name=\"twitter:label1\" content=\"Gesch\u00e4tzte Lesezeit\" \/>\n\t<meta name=\"twitter:data1\" content=\"3\u00a0Minuten\" \/>\n<script type=\"application\/ld+json\" class=\"yoast-schema-graph\">{\"@context\":\"https:\\\/\\\/schema.org\",\"@graph\":[{\"@type\":\"WebPage\",\"@id\":\"https:\\\/\\\/boeimige.ch\\\/?page_id=109\",\"url\":\"https:\\\/\\\/boeimige.ch\\\/?page_id=109\",\"name\":\"Team und Vorstand - B\u00f6imige Naturprojekte\",\"isPartOf\":{\"@id\":\"https:\\\/\\\/boeimige.ch\\\/#website\"},\"primaryImageOfPage\":{\"@id\":\"https:\\\/\\\/boeimige.ch\\\/?page_id=109#primaryimage\"},\"image\":{\"@id\":\"https:\\\/\\\/boeimige.ch\\\/?page_id=109#primaryimage\"},\"thumbnailUrl\":\"https:\\\/\\\/boeimige.ch\\\/wp-content\\\/uploads\\\/2025\\\/07\\\/angelika.jpg\",\"datePublished\":\"2016-02-18T19:43:55+00:00\",\"dateModified\":\"2026-06-11T06:17:13+00:00\",\"breadcrumb\":{\"@id\":\"https:\\\/\\\/boeimige.ch\\\/?page_id=109#breadcrumb\"},\"inLanguage\":\"de\",\"potentialAction\":[{\"@type\":\"ReadAction\",\"target\":[\"https:\\\/\\\/boeimige.ch\\\/?page_id=109\"]}]},{\"@type\":\"ImageObject\",\"inLanguage\":\"de\",\"@id\":\"https:\\\/\\\/boeimige.ch\\\/?page_id=109#primaryimage\",\"url\":\"https:\\\/\\\/boeimige.ch\\\/wp-content\\\/uploads\\\/2025\\\/07\\\/angelika.jpg\",\"contentUrl\":\"https:\\\/\\\/boeimige.ch\\\/wp-content\\\/uploads\\\/2025\\\/07\\\/angelika.jpg\",\"width\":822,\"height\":982},{\"@type\":\"BreadcrumbList\",\"@id\":\"https:\\\/\\\/boeimige.ch\\\/?page_id=109#breadcrumb\",\"itemListElement\":[{\"@type\":\"ListItem\",\"position\":1,\"name\":\"Start\",\"item\":\"https:\\\/\\\/boeimige.ch\\\/\"},{\"@type\":\"ListItem\",\"position\":2,\"name\":\"\u00dcber uns\",\"item\":\"https:\\\/\\\/boeimige.ch\\\/?page_id=126\"},{\"@type\":\"ListItem\",\"position\":3,\"name\":\"Team und Vorstand\"}]},{\"@type\":\"WebSite\",\"@id\":\"https:\\\/\\\/boeimige.ch\\\/#website\",\"url\":\"https:\\\/\\\/boeimige.ch\\\/\",\"name\":\"B\u00f6imige Naturprojekte\",\"description\":\"Waldspielgruppe und Walderlebnisse in Worb\",\"publisher\":{\"@id\":\"https:\\\/\\\/boeimige.ch\\\/#organization\"},\"potentialAction\":[{\"@type\":\"SearchAction\",\"target\":{\"@type\":\"EntryPoint\",\"urlTemplate\":\"https:\\\/\\\/boeimige.ch\\\/?s={search_term_string}\"},\"query-input\":{\"@type\":\"PropertyValueSpecification\",\"valueRequired\":true,\"valueName\":\"search_term_string\"}}],\"inLanguage\":\"de\"},{\"@type\":\"Organization\",\"@id\":\"https:\\\/\\\/boeimige.ch\\\/#organization\",\"name\":\"B\u00f6imige Naturprojekte\",\"url\":\"https:\\\/\\\/boeimige.ch\\\/\",\"logo\":{\"@type\":\"ImageObject\",\"inLanguage\":\"de\",\"@id\":\"https:\\\/\\\/boeimige.ch\\\/#\\\/schema\\\/logo\\\/image\\\/\",\"url\":\"https:\\\/\\\/boeimige.ch\\\/wp-content\\\/uploads\\\/2026\\\/08\\\/Logo-neu_farbig-scaled.png\",\"contentUrl\":\"https:\\\/\\\/boeimige.ch\\\/wp-content\\\/uploads\\\/2026\\\/08\\\/Logo-neu_farbig-scaled.png\",\"width\":2318,\"height\":2560,\"caption\":\"B\u00f6imige Naturprojekte\"},\"image\":{\"@id\":\"https:\\\/\\\/boeimige.ch\\\/#\\\/schema\\\/logo\\\/image\\\/\"},\"sameAs\":[\"https:\\\/\\\/www.facebook.com\\\/Eggwald3076\",\"https:\\\/\\\/www.instagram.com\\\/boeimige_waldspielgruppe?igsh=N2M2Ymt2bGVrYTEx&utm_source=qr\"]}]}<\/script>\n<!-- \/ Yoast SEO plugin. -->","yoast_head_json":{"title":"Team und Vorstand - B\u00f6imige Naturprojekte","robots":{"index":"index","follow":"follow","max-snippet":"max-snippet:-1","max-image-preview":"max-image-preview:large","max-video-preview":"max-video-preview:-1"},"canonical":"https:\/\/boeimige.ch\/?page_id=109","og_locale":"de_DE","og_type":"article","og_title":"Team und Vorstand - B\u00f6imige Naturprojekte","og_description":"Angelika Ramseier, Co-Leitung Waldspielgruppe Dipl. Spielgruppenleiterin, Naturp\u00e4dagogin aai-vebe, Zierpflanzeng\u00e4rtnerin, Pflegeassistentin, Familienfrau &#8222;Mich fasziniert der Wald, weil er so viel bietet. Er l\u00e4dt ein zum Forschen, Entdecken und Experimentieren. Die Kinder werden sch\u00f6pferisch t\u00e4tig und brauchen dazu ihre ganze Fantasie. Er &hellip; Weiterlesen &rarr;","og_url":"https:\/\/boeimige.ch\/?page_id=109","og_site_name":"B\u00f6imige Naturprojekte","article_publisher":"https:\/\/www.facebook.com\/Eggwald3076","article_modified_time":"2026-06-11T06:17:13+00:00","og_image":[{"width":822,"height":982,"url":"https:\/\/boeimige.ch\/wp-content\/uploads\/2025\/07\/angelika.jpg","type":"image\/jpeg"}],"twitter_card":"summary_large_image","twitter_misc":{"Gesch\u00e4tzte Lesezeit":"3\u00a0Minuten"},"schema":{"@context":"https:\/\/schema.org","@graph":[{"@type":"WebPage","@id":"https:\/\/boeimige.ch\/?page_id=109","url":"https:\/\/boeimige.ch\/?page_id=109","name":"Team und Vorstand - B\u00f6imige Naturprojekte","isPartOf":{"@id":"https:\/\/boeimige.ch\/#website"},"primaryImageOfPage":{"@id":"https:\/\/boeimige.ch\/?page_id=109#primaryimage"},"image":{"@id":"https:\/\/boeimige.ch\/?page_id=109#primaryimage"},"thumbnailUrl":"https:\/\/boeimige.ch\/wp-content\/uploads\/2025\/07\/angelika.jpg","datePublished":"2016-02-18T19:43:55+00:00","dateModified":"2026-06-11T06:17:13+00:00","breadcrumb":{"@id":"https:\/\/boeimige.ch\/?page_id=109#breadcrumb"},"inLanguage":"de","potentialAction":[{"@type":"ReadAction","target":["https:\/\/boeimige.ch\/?page_id=109"]}]},{"@type":"ImageObject","inLanguage":"de","@id":"https:\/\/boeimige.ch\/?page_id=109#primaryimage","url":"https:\/\/boeimige.ch\/wp-content\/uploads\/2025\/07\/angelika.jpg","contentUrl":"https:\/\/boeimige.ch\/wp-content\/uploads\/2025\/07\/angelika.jpg","width":822,"height":982},{"@type":"BreadcrumbList","@id":"https:\/\/boeimige.ch\/?page_id=109#breadcrumb","itemListElement":[{"@type":"ListItem","position":1,"name":"Start","item":"https:\/\/boeimige.ch\/"},{"@type":"ListItem","position":2,"name":"\u00dcber uns","item":"https:\/\/boeimige.ch\/?page_id=126"},{"@type":"ListItem","position":3,"name":"Team und Vorstand"}]},{"@type":"WebSite","@id":"https:\/\/boeimige.ch\/#website","url":"https:\/\/boeimige.ch\/","name":"B\u00f6imige Naturprojekte","description":"Waldspielgruppe und Walderlebnisse in Worb","publisher":{"@id":"https:\/\/boeimige.ch\/#organization"},"potentialAction":[{"@type":"SearchAction","target":{"@type":"EntryPoint","urlTemplate":"https:\/\/boeimige.ch\/?s={search_term_string}"},"query-input":{"@type":"PropertyValueSpecification","valueRequired":true,"valueName":"search_term_string"}}],"inLanguage":"de"},{"@type":"Organization","@id":"https:\/\/boeimige.ch\/#organization","name":"B\u00f6imige Naturprojekte","url":"https:\/\/boeimige.ch\/","logo":{"@type":"ImageObject","inLanguage":"de","@id":"https:\/\/boeimige.ch\/#\/schema\/logo\/image\/","url":"https:\/\/boeimige.ch\/wp-content\/uploads\/2026\/08\/Logo-neu_farbig-scaled.png","contentUrl":"https:\/\/boeimige.ch\/wp-content\/uploads\/2026\/08\/Logo-neu_farbig-scaled.png","width":2318,"height":2560,"caption":"B\u00f6imige Naturprojekte"},"image":{"@id":"https:\/\/boeimige.ch\/#\/schema\/logo\/image\/"},"sameAs":["https:\/\/www.facebook.com\/Eggwald3076","https:\/\/www.instagram.com\/boeimige_waldspielgruppe?igsh=N2M2Ymt2bGVrYTEx&utm_source=qr"]}]}},"_links":{"self":[{"href":"https:\/\/boeimige.ch\/index.php?rest_route=\/wp\/v2\/pages\/109","targetHints":{"allow":["GET"]}}],"collection":[{"href":"https:\/\/boeimige.ch\/index.php?rest_route=\/wp\/v2\/pages"}],"about":[{"href":"https:\/\/boeimige.ch\/index.php?rest_route=\/wp\/v2\/types\/page"}],"author":[{"embeddable":true,"href":"https:\/\/boeimige.ch\/index.php?rest_route=\/wp\/v2\/users\/1"}],"replies":[{"embeddable":true,"href":"https:\/\/boeimige.ch\/index.php?rest_route=%2Fwp%2Fv2%2Fcomments&post=109"}],"version-history":[{"count":39,"href":"https:\/\/boeimige.ch\/index.php?rest_route=\/wp\/v2\/pages\/109\/revisions"}],"predecessor-version":[{"id":5748,"href":"https:\/\/boeimige.ch\/index.php?rest_route=\/wp\/v2\/pages\/109\/revisions\/5748"}],"up":[{"embeddable":true,"href":"https:\/\/boeimige.ch\/index.php?rest_route=\/wp\/v2\/pages\/126"}],"wp:attachment":[{"href":"https:\/\/boeimige.ch\/index.php?rest_route=%2Fwp%2Fv2%2Fmedia&parent=109"}],"curies":[{"name":"wp","href":"https:\/\/api.w.org\/{rel}","templated":true}]}}