{"id":193,"date":"2016-03-12T17:20:37","date_gmt":"2016-03-12T16:20:37","guid":{"rendered":"http:\/\/boeimige-naturprojekte.ch\/?page_id=193"},"modified":"2023-11-25T13:06:48","modified_gmt":"2023-11-25T13:06:48","slug":"tagesablauf","status":"publish","type":"page","link":"https:\/\/boeimige.ch\/?page_id=193","title":{"rendered":"Tagesablauf"},"content":{"rendered":"\n<p class=\"wp-block-paragraph\">Jeder Tag mit Kindern im Wald ist anders. Es ist uns ein Anliegen, auf die aktuelle Situation im Wald und in der Kindergruppe einzugehen. Unser Tag gestaltet sich aber auch nach einer Grundstruktur:<\/p>\n\n\n\n<p class=\"wp-block-paragraph\"><strong>Tsch\u00fcss sagen<\/strong><strong><br><\/strong>Die Eltern bringen ihre Kinder an den Waldrand, wo wir gemeinsam ein Begr\u00fcssungslied singen. Dann verabschieden wir uns und machen uns auf den Weg zu unserem Waldsofa. Unterwegs gibt es schon viel zu sammeln und zu entdecken!<\/p>\n\n\n\n<p class=\"wp-block-paragraph\"><strong>Morgenkreis<\/strong><strong><br><\/strong>An unserm Platz angekommen ziehen wir den Rucksack aus und sammeln uns im Kreis. Wir singen ein Bewegungslied, schauen einem kurzen Figurenspiel zu, sp\u00fcren was im Gsp\u00fcris\u00e4ckli ist, legen aus Herbstbl\u00e4ttern ein Bild oder feiern ein kleines Ritual. Thema sind die Jahreszeiten, das Wetter, die Tiere und Pflanzen des Waldes.<\/p>\n\n\n\n<p class=\"wp-block-paragraph\"><strong>Zn\u00fcni<\/strong><strong><br><\/strong>Nach dem H\u00e4ndewaschen und dem Zn\u00fcnispruch geniesst jedes Kind den selbst mitgebrachten Zn\u00fcni. Nun ist auch viel Zeit zum plaudern und erz\u00e4hlen.<\/p>\n\n\n\n<p class=\"wp-block-paragraph\"><strong>Freispiel<br><\/strong>Wer mit dem Zn\u00fcni fertig ist und den Rucksack wieder eingepackt hat, kann spielen: klettern, matschen, bauen, k\u00f6cherlen, Werkzeuge ausprobieren&#8230;.<\/p>\n\n\n\n<p class=\"wp-block-paragraph\">An manchen Tagen geben wir Leitpersonen einen weiteren Input, z.B. wir legen einen Lehmklumpen auf den Tisch, h\u00e4ngen eine Seilschaukel auf oder beginnen, das Laub zu einem Haufen zusammenzutragen&#8230;<\/p>\n\n\n\n<p class=\"wp-block-paragraph\"><strong>Kochen<br><\/strong>Eine Leitperson macht das Feuer und bereitet das Mittagessen zu, da gibt es auch f\u00fcr die Kinder viel zu schauen und zu helfen. Wenn das Wetter es zul\u00e4sst, entscheiden wir uns f\u00fcr ein Men\u00fc, bei dem die Kinder m\u00f6glichst selbst\u00e4ndig mithelfen k\u00f6nnen.<\/p>\n\n\n\n<p class=\"wp-block-paragraph\"><strong>Mittagessen<br><\/strong>Sobald das frisch zubereitete, saisonale und regionale Mittagessen fertig ist, waschen wir uns die H\u00e4nde, packen Teller und Besteck aus und lassen es uns schmecken.<\/p>\n\n\n\n<p class=\"wp-block-paragraph\"><strong>Freispiel<br><\/strong>Einige Kinder nehmen es nun etwas ruhiger, andere spielen weiter, wo sie vor dem Mittagessen aufgeh\u00f6rt haben.<\/p>\n\n\n\n<p class=\"wp-block-paragraph\"><strong>Geschichte<br><\/strong>Bevor es Zeit ist f\u00fcr den R\u00fcckweg machen wir es uns am Geschichtenplatz gem\u00fctlich. Eine Leitperson erz\u00e4hlt, spielt oder liest eine zum Tag passende Geschichte vor.<\/p>\n\n\n\n<p class=\"wp-block-paragraph\"><strong>R\u00fcckweg<br><\/strong>Ges\u00e4ttigt und m\u00fcde vom Waldtag nehmen wir den R\u00fcckweg unter die F\u00fcsse, damit die Eltern um 14h ihre Kinder wieder in die Arme schliessen k\u00f6nnen.<\/p>\n\n\n\n<figure class=\"wp-block-gallery has-nested-images columns-3 is-cropped wp-block-gallery-1 is-layout-flex wp-block-gallery-is-layout-flex\"><\/figure>\n\n\n\n<figure class=\"wp-block-gallery has-nested-images columns-2 is-cropped wp-block-gallery-2 is-layout-flex wp-block-gallery-is-layout-flex\">\n<figure class=\"wp-block-image size-large\"><img loading=\"lazy\" decoding=\"async\" width=\"304\" height=\"264\" data-id=\"278\" src=\"https:\/\/boeimige.ch\/wp-content\/uploads\/2016\/03\/unbenannt.png\" alt=\"\" class=\"wp-image-278\" srcset=\"https:\/\/boeimige.ch\/wp-content\/uploads\/2016\/03\/unbenannt.png 304w, https:\/\/boeimige.ch\/wp-content\/uploads\/2016\/03\/unbenannt-300x261.png 300w\" sizes=\"auto, (max-width: 304px) 100vw, 304px\" \/><\/figure>\n\n\n\n<figure class=\"wp-block-image size-large\"><img loading=\"lazy\" decoding=\"async\" width=\"1024\" height=\"685\" data-id=\"1140\" src=\"https:\/\/boeimige.ch\/wp-content\/uploads\/2019\/05\/dsc_2429-1024x685.jpg\" alt=\"\" class=\"wp-image-1140\" srcset=\"https:\/\/boeimige.ch\/wp-content\/uploads\/2019\/05\/dsc_2429-1024x685.jpg 1024w, https:\/\/boeimige.ch\/wp-content\/uploads\/2019\/05\/dsc_2429-300x201.jpg 300w, https:\/\/boeimige.ch\/wp-content\/uploads\/2019\/05\/dsc_2429-768x514.jpg 768w, https:\/\/boeimige.ch\/wp-content\/uploads\/2019\/05\/dsc_2429-1536x1028.jpg 1536w, https:\/\/boeimige.ch\/wp-content\/uploads\/2019\/05\/dsc_2429-2048x1371.jpg 2048w, https:\/\/boeimige.ch\/wp-content\/uploads\/2019\/05\/dsc_2429-1568x1050.jpg 1568w\" sizes=\"auto, (max-width: 1024px) 100vw, 1024px\" \/><\/figure>\n\n\n\n<figure class=\"wp-block-image size-large\"><img loading=\"lazy\" decoding=\"async\" width=\"1024\" height=\"768\" data-id=\"276\" src=\"https:\/\/boeimige.ch\/wp-content\/uploads\/2016\/03\/img_1671-1024x768.jpg\" alt=\"\" class=\"wp-image-276\" srcset=\"https:\/\/boeimige.ch\/wp-content\/uploads\/2016\/03\/img_1671-1024x768.jpg 1024w, https:\/\/boeimige.ch\/wp-content\/uploads\/2016\/03\/img_1671-300x225.jpg 300w, https:\/\/boeimige.ch\/wp-content\/uploads\/2016\/03\/img_1671-768x576.jpg 768w, https:\/\/boeimige.ch\/wp-content\/uploads\/2016\/03\/img_1671-1536x1152.jpg 1536w, https:\/\/boeimige.ch\/wp-content\/uploads\/2016\/03\/img_1671-2048x1536.jpg 2048w, https:\/\/boeimige.ch\/wp-content\/uploads\/2016\/03\/img_1671-1568x1176.jpg 1568w\" sizes=\"auto, (max-width: 1024px) 100vw, 1024px\" \/><\/figure>\n<\/figure>\n","protected":false},"excerpt":{"rendered":"<p>Jeder Tag mit Kindern im Wald ist anders. Es ist uns ein Anliegen, auf die aktuelle Situation im Wald und in der Kindergruppe einzugehen. Unser Tag gestaltet sich aber auch nach einer Grundstruktur: Tsch\u00fcss sagenDie Eltern bringen ihre Kinder an &hellip; <a href=\"https:\/\/boeimige.ch\/?page_id=193\">Weiterlesen <span class=\"meta-nav\">&rarr;<\/span><\/a><\/p>\n","protected":false},"author":1,"featured_media":0,"parent":0,"menu_order":0,"comment_status":"closed","ping_status":"closed","template":"sidebar-page.php","meta":{"footnotes":""},"class_list":["post-193","page","type-page","status-publish","hentry"],"yoast_head":"<!-- This site is optimized with the Yoast SEO plugin v28.3 - https:\/\/yoast.com\/product\/yoast-seo-wordpress\/ -->\n<title>Tagesablauf - B\u00f6imige Naturprojekte<\/title>\n<meta name=\"robots\" content=\"index, follow, max-snippet:-1, max-image-preview:large, max-video-preview:-1\" \/>\n<link rel=\"canonical\" href=\"https:\/\/boeimige.ch\/?page_id=193\" \/>\n<meta property=\"og:locale\" content=\"de_DE\" \/>\n<meta property=\"og:type\" content=\"article\" \/>\n<meta property=\"og:title\" content=\"Tagesablauf - B\u00f6imige Naturprojekte\" \/>\n<meta property=\"og:description\" content=\"Jeder Tag mit Kindern im Wald ist anders. Es ist uns ein Anliegen, auf die aktuelle Situation im Wald und in der Kindergruppe einzugehen. Unser Tag gestaltet sich aber auch nach einer Grundstruktur: Tsch\u00fcss sagenDie Eltern bringen ihre Kinder an &hellip; Weiterlesen &rarr;\" \/>\n<meta property=\"og:url\" content=\"https:\/\/boeimige.ch\/?page_id=193\" \/>\n<meta property=\"og:site_name\" content=\"B\u00f6imige Naturprojekte\" \/>\n<meta property=\"article:publisher\" content=\"https:\/\/www.facebook.com\/Eggwald3076\" \/>\n<meta property=\"article:modified_time\" content=\"2023-11-25T13:06:48+00:00\" \/>\n<meta property=\"og:image\" content=\"https:\/\/boeimige.ch\/wp-content\/uploads\/2016\/03\/unbenannt.png\" \/>\n\t<meta property=\"og:image:width\" content=\"304\" \/>\n\t<meta property=\"og:image:height\" content=\"264\" \/>\n\t<meta property=\"og:image:type\" content=\"image\/png\" \/>\n<meta name=\"twitter:card\" content=\"summary_large_image\" \/>\n<meta name=\"twitter:label1\" content=\"Gesch\u00e4tzte Lesezeit\" \/>\n\t<meta name=\"twitter:data1\" content=\"2\u00a0Minuten\" \/>\n<script type=\"application\/ld+json\" class=\"yoast-schema-graph\">{\"@context\":\"https:\\\/\\\/schema.org\",\"@graph\":[{\"@type\":\"WebPage\",\"@id\":\"https:\\\/\\\/boeimige.ch\\\/?page_id=193\",\"url\":\"https:\\\/\\\/boeimige.ch\\\/?page_id=193\",\"name\":\"Tagesablauf - B\u00f6imige Naturprojekte\",\"isPartOf\":{\"@id\":\"https:\\\/\\\/boeimige.ch\\\/#website\"},\"primaryImageOfPage\":{\"@id\":\"https:\\\/\\\/boeimige.ch\\\/?page_id=193#primaryimage\"},\"image\":{\"@id\":\"https:\\\/\\\/boeimige.ch\\\/?page_id=193#primaryimage\"},\"thumbnailUrl\":\"https:\\\/\\\/boeimige.ch\\\/wp-content\\\/uploads\\\/2016\\\/03\\\/unbenannt.png\",\"datePublished\":\"2016-03-12T16:20:37+00:00\",\"dateModified\":\"2023-11-25T13:06:48+00:00\",\"breadcrumb\":{\"@id\":\"https:\\\/\\\/boeimige.ch\\\/?page_id=193#breadcrumb\"},\"inLanguage\":\"de\",\"potentialAction\":[{\"@type\":\"ReadAction\",\"target\":[\"https:\\\/\\\/boeimige.ch\\\/?page_id=193\"]}]},{\"@type\":\"ImageObject\",\"inLanguage\":\"de\",\"@id\":\"https:\\\/\\\/boeimige.ch\\\/?page_id=193#primaryimage\",\"url\":\"https:\\\/\\\/boeimige.ch\\\/wp-content\\\/uploads\\\/2016\\\/03\\\/unbenannt.png\",\"contentUrl\":\"https:\\\/\\\/boeimige.ch\\\/wp-content\\\/uploads\\\/2016\\\/03\\\/unbenannt.png\",\"width\":304,\"height\":264},{\"@type\":\"BreadcrumbList\",\"@id\":\"https:\\\/\\\/boeimige.ch\\\/?page_id=193#breadcrumb\",\"itemListElement\":[{\"@type\":\"ListItem\",\"position\":1,\"name\":\"Start\",\"item\":\"https:\\\/\\\/boeimige.ch\\\/\"},{\"@type\":\"ListItem\",\"position\":2,\"name\":\"Tagesablauf\"}]},{\"@type\":\"WebSite\",\"@id\":\"https:\\\/\\\/boeimige.ch\\\/#website\",\"url\":\"https:\\\/\\\/boeimige.ch\\\/\",\"name\":\"B\u00f6imige Naturprojekte\",\"description\":\"Waldspielgruppe und Walderlebnisse in Worb\",\"publisher\":{\"@id\":\"https:\\\/\\\/boeimige.ch\\\/#organization\"},\"potentialAction\":[{\"@type\":\"SearchAction\",\"target\":{\"@type\":\"EntryPoint\",\"urlTemplate\":\"https:\\\/\\\/boeimige.ch\\\/?s={search_term_string}\"},\"query-input\":{\"@type\":\"PropertyValueSpecification\",\"valueRequired\":true,\"valueName\":\"search_term_string\"}}],\"inLanguage\":\"de\"},{\"@type\":\"Organization\",\"@id\":\"https:\\\/\\\/boeimige.ch\\\/#organization\",\"name\":\"B\u00f6imige Naturprojekte\",\"url\":\"https:\\\/\\\/boeimige.ch\\\/\",\"logo\":{\"@type\":\"ImageObject\",\"inLanguage\":\"de\",\"@id\":\"https:\\\/\\\/boeimige.ch\\\/#\\\/schema\\\/logo\\\/image\\\/\",\"url\":\"https:\\\/\\\/boeimige.ch\\\/wp-content\\\/uploads\\\/2026\\\/08\\\/Logo-neu_farbig-scaled.png\",\"contentUrl\":\"https:\\\/\\\/boeimige.ch\\\/wp-content\\\/uploads\\\/2026\\\/08\\\/Logo-neu_farbig-scaled.png\",\"width\":2318,\"height\":2560,\"caption\":\"B\u00f6imige Naturprojekte\"},\"image\":{\"@id\":\"https:\\\/\\\/boeimige.ch\\\/#\\\/schema\\\/logo\\\/image\\\/\"},\"sameAs\":[\"https:\\\/\\\/www.facebook.com\\\/Eggwald3076\",\"https:\\\/\\\/www.instagram.com\\\/boeimige_waldspielgruppe?igsh=N2M2Ymt2bGVrYTEx&utm_source=qr\"]}]}<\/script>\n<!-- \/ Yoast SEO plugin. -->","yoast_head_json":{"title":"Tagesablauf - B\u00f6imige Naturprojekte","robots":{"index":"index","follow":"follow","max-snippet":"max-snippet:-1","max-image-preview":"max-image-preview:large","max-video-preview":"max-video-preview:-1"},"canonical":"https:\/\/boeimige.ch\/?page_id=193","og_locale":"de_DE","og_type":"article","og_title":"Tagesablauf - B\u00f6imige Naturprojekte","og_description":"Jeder Tag mit Kindern im Wald ist anders. Es ist uns ein Anliegen, auf die aktuelle Situation im Wald und in der Kindergruppe einzugehen. Unser Tag gestaltet sich aber auch nach einer Grundstruktur: Tsch\u00fcss sagenDie Eltern bringen ihre Kinder an &hellip; Weiterlesen &rarr;","og_url":"https:\/\/boeimige.ch\/?page_id=193","og_site_name":"B\u00f6imige Naturprojekte","article_publisher":"https:\/\/www.facebook.com\/Eggwald3076","article_modified_time":"2023-11-25T13:06:48+00:00","og_image":[{"width":304,"height":264,"url":"https:\/\/boeimige.ch\/wp-content\/uploads\/2016\/03\/unbenannt.png","type":"image\/png"}],"twitter_card":"summary_large_image","twitter_misc":{"Gesch\u00e4tzte Lesezeit":"2\u00a0Minuten"},"schema":{"@context":"https:\/\/schema.org","@graph":[{"@type":"WebPage","@id":"https:\/\/boeimige.ch\/?page_id=193","url":"https:\/\/boeimige.ch\/?page_id=193","name":"Tagesablauf - B\u00f6imige Naturprojekte","isPartOf":{"@id":"https:\/\/boeimige.ch\/#website"},"primaryImageOfPage":{"@id":"https:\/\/boeimige.ch\/?page_id=193#primaryimage"},"image":{"@id":"https:\/\/boeimige.ch\/?page_id=193#primaryimage"},"thumbnailUrl":"https:\/\/boeimige.ch\/wp-content\/uploads\/2016\/03\/unbenannt.png","datePublished":"2016-03-12T16:20:37+00:00","dateModified":"2023-11-25T13:06:48+00:00","breadcrumb":{"@id":"https:\/\/boeimige.ch\/?page_id=193#breadcrumb"},"inLanguage":"de","potentialAction":[{"@type":"ReadAction","target":["https:\/\/boeimige.ch\/?page_id=193"]}]},{"@type":"ImageObject","inLanguage":"de","@id":"https:\/\/boeimige.ch\/?page_id=193#primaryimage","url":"https:\/\/boeimige.ch\/wp-content\/uploads\/2016\/03\/unbenannt.png","contentUrl":"https:\/\/boeimige.ch\/wp-content\/uploads\/2016\/03\/unbenannt.png","width":304,"height":264},{"@type":"BreadcrumbList","@id":"https:\/\/boeimige.ch\/?page_id=193#breadcrumb","itemListElement":[{"@type":"ListItem","position":1,"name":"Start","item":"https:\/\/boeimige.ch\/"},{"@type":"ListItem","position":2,"name":"Tagesablauf"}]},{"@type":"WebSite","@id":"https:\/\/boeimige.ch\/#website","url":"https:\/\/boeimige.ch\/","name":"B\u00f6imige Naturprojekte","description":"Waldspielgruppe und Walderlebnisse in Worb","publisher":{"@id":"https:\/\/boeimige.ch\/#organization"},"potentialAction":[{"@type":"SearchAction","target":{"@type":"EntryPoint","urlTemplate":"https:\/\/boeimige.ch\/?s={search_term_string}"},"query-input":{"@type":"PropertyValueSpecification","valueRequired":true,"valueName":"search_term_string"}}],"inLanguage":"de"},{"@type":"Organization","@id":"https:\/\/boeimige.ch\/#organization","name":"B\u00f6imige Naturprojekte","url":"https:\/\/boeimige.ch\/","logo":{"@type":"ImageObject","inLanguage":"de","@id":"https:\/\/boeimige.ch\/#\/schema\/logo\/image\/","url":"https:\/\/boeimige.ch\/wp-content\/uploads\/2026\/08\/Logo-neu_farbig-scaled.png","contentUrl":"https:\/\/boeimige.ch\/wp-content\/uploads\/2026\/08\/Logo-neu_farbig-scaled.png","width":2318,"height":2560,"caption":"B\u00f6imige Naturprojekte"},"image":{"@id":"https:\/\/boeimige.ch\/#\/schema\/logo\/image\/"},"sameAs":["https:\/\/www.facebook.com\/Eggwald3076","https:\/\/www.instagram.com\/boeimige_waldspielgruppe?igsh=N2M2Ymt2bGVrYTEx&utm_source=qr"]}]}},"_links":{"self":[{"href":"https:\/\/boeimige.ch\/index.php?rest_route=\/wp\/v2\/pages\/193","targetHints":{"allow":["GET"]}}],"collection":[{"href":"https:\/\/boeimige.ch\/index.php?rest_route=\/wp\/v2\/pages"}],"about":[{"href":"https:\/\/boeimige.ch\/index.php?rest_route=\/wp\/v2\/types\/page"}],"author":[{"embeddable":true,"href":"https:\/\/boeimige.ch\/index.php?rest_route=\/wp\/v2\/users\/1"}],"replies":[{"embeddable":true,"href":"https:\/\/boeimige.ch\/index.php?rest_route=%2Fwp%2Fv2%2Fcomments&post=193"}],"version-history":[{"count":2,"href":"https:\/\/boeimige.ch\/index.php?rest_route=\/wp\/v2\/pages\/193\/revisions"}],"predecessor-version":[{"id":4702,"href":"https:\/\/boeimige.ch\/index.php?rest_route=\/wp\/v2\/pages\/193\/revisions\/4702"}],"wp:attachment":[{"href":"https:\/\/boeimige.ch\/index.php?rest_route=%2Fwp%2Fv2%2Fmedia&parent=193"}],"curies":[{"name":"wp","href":"https:\/\/api.w.org\/{rel}","templated":true}]}}