{"id":218,"date":"2016-03-12T17:52:46","date_gmt":"2016-03-12T16:52:46","guid":{"rendered":"http:\/\/boeimige-naturprojekte.ch\/?page_id=218"},"modified":"2026-08-07T09:42:24","modified_gmt":"2026-08-07T09:42:24","slug":"ausruestung","status":"publish","type":"page","link":"https:\/\/boeimige.ch\/?page_id=218","title":{"rendered":"Praktische Infos"},"content":{"rendered":"\n<h2 class=\"wp-block-heading\">Ausr\u00fcstung<\/h2>\n\n\n\n<p class=\"wp-block-paragraph\"><span lang=\"de-CH\">Die Kleidung ist ein wesentlicher Faktor f\u00fcr das gute Gelingen eines Waldtages.<\/span><strong> <\/strong>Bei&nbsp; unseren Angeboten sollten alle Teilnehmenden folgendes dabei haben:<\/p>\n\n\n\n<ul class=\"wp-block-list\">\n<li>Kleiner Rucksack, ideal mit Brustklicker<span style=\"font-family: Arial, serif\"><img loading=\"lazy\" decoding=\"async\" class=\"wp-image-248 alignright\" src=\"https:\/\/boeimigenaturprojektedotch.files.wordpress.com\/2016\/03\/img_2094.jpg\" alt=\"IMG_2094\" width=\"241\" height=\"184\"><\/span><\/li>\n\n\n\n<li>Gesunder Zn\u00fcni und Getr\u00e4nke <\/li>\n\n\n\n<li>Wenn wir Zmittag essen: Sch\u00e4leli, L\u00f6ffel und Gabel<\/li>\n\n\n\n<li>Dem Wetter angepasste Kleidung, die<br>schmutzig werden darf und vor Zecken und M\u00fccken sch\u00fctzt<\/li>\n\n\n\n<li>Geschlossene, gute Schuhe<\/li>\n\n\n\n<li>Regenjacke und -hose<\/li>\n\n\n\n<li>Evtl. Ersatzkleider und Wickelsachen<\/li>\n<\/ul>\n\n\n\n<p class=\"wp-block-paragraph\">Wenn du Interesse an unserem Merkblatt &#8222;Praktische Waldtipps&#8220; hast, kannst du dich gerne bei <a href=\"mailto:info@boeimige.ch\">info@boeimige.ch<\/a> melden. <\/p>\n\n\n\n<p class=\"wp-block-paragraph\">&#8212;&#8212;&#8212;&#8212;&#8212;&#8212;&#8212;&#8212;&#8212;&#8212;&#8212;&#8212;&#8212;&#8212;&#8212;&#8212;&#8212;&#8212;&#8212;&#8212;&#8212;&#8212;&#8212;&#8212;&#8212;&#8212;&#8212;&#8212;&#8212;&#8212;&#8212;&#8212;&#8212;&#8212;&#8212;&#8212;&#8212;&#8212;&#8212;&#8211;<\/p>\n\n\n\n<h2 class=\"wp-block-heading\">Eingew\u00f6hnung <\/h2>\n\n\n\n<p class=\"wp-block-paragraph\">Wie wir die Eingew\u00f6hnung in die Waldspielgruppe gestalten, ist in unserem <a href=\"https:\/\/boeimige.ch\/wp-content\/uploads\/2023\/07\/eingewoehnung-boeimige-waldspielgruppe-11072020.pdf\" data-type=\"attachment\" data-id=\"2896\" target=\"_blank\" rel=\"noreferrer noopener\">Eingew\u00f6hnungkonzept <\/a>nachzulesen. <\/p>\n\n\n\n<p class=\"wp-block-paragraph\">&#8212;&#8212;&#8212;&#8212;&#8212;&#8212;&#8212;&#8212;&#8212;&#8212;&#8212;&#8212;&#8212;&#8212;&#8212;&#8212;&#8212;&#8212;&#8212;&#8212;&#8212;&#8212;&#8212;&#8212;&#8212;&#8212;&#8212;&#8212;&#8212;&#8212;&#8212;&#8212;&#8212;&#8212;&#8212;&#8212;&#8212;&#8212;&#8212;&#8211;<\/p>\n\n\n\n<h2 class=\"wp-block-heading\">Elternkontakt<\/h2>\n\n\n\n<p class=\"wp-block-paragraph\">Ein guter, f\u00fcr beide Seiten bereichernder Elternkontakt ist uns wichtig. Anliegen, Fragen, Feedback und Kritik nehmen wir jederzeit gerne entgegen. <\/p>\n\n\n\n<ul class=\"wp-block-list\">\n<li>Elternabend im Oktober<\/li>\n\n\n\n<li>Austauschgespr\u00e4che im Januar<\/li>\n\n\n\n<li>Kontakte beim Bringen und Abholen am Treffpunkt<\/li>\n\n\n\n<li>Familienanl\u00e4sse wie Waldsofabau, Fr\u00fchlingsfest&#8230;<\/li>\n\n\n\n<li>Quartalsweise eine Waldpost mit R\u00fcckblick, Ausblick, Infos und den Daten f\u00fcr die n\u00e4chsten Anl\u00e4sse<\/li>\n<\/ul>\n\n\n\n<p class=\"wp-block-paragraph\"><span style=\"font-family: Arial, serif\">&nbsp;<\/span><\/p>\n\n\n\n<p class=\"wp-block-paragraph\">&nbsp;<\/p>\n\n\n","protected":false},"excerpt":{"rendered":"<p>Ausr\u00fcstung Die Kleidung ist ein wesentlicher Faktor f\u00fcr das gute Gelingen eines Waldtages. Bei&nbsp; unseren Angeboten sollten alle Teilnehmenden folgendes dabei haben: Wenn du Interesse an unserem Merkblatt &#8222;Praktische Waldtipps&#8220; hast, kannst du dich gerne bei info@boeimige.ch melden. &#8212;&#8212;&#8212;&#8212;&#8212;&#8212;&#8212;&#8212;&#8212;&#8212;&#8212;&#8212;&#8212;&#8212;&#8212;&#8212;&#8212;&#8212;&#8212;&#8212;&#8212;&#8212;&#8212;&#8212;&#8212;&#8212;&#8212;&#8212;&#8212;&#8212;&#8212;&#8212;&#8212;&#8212;&#8212;&#8212;&#8212;&#8212;&#8212;&#8211; Eingew\u00f6hnung &hellip; <a href=\"https:\/\/boeimige.ch\/?page_id=218\">Weiterlesen <span class=\"meta-nav\">&rarr;<\/span><\/a><\/p>\n","protected":false},"author":1,"featured_media":0,"parent":0,"menu_order":0,"comment_status":"closed","ping_status":"closed","template":"sidebar-page.php","meta":{"footnotes":"[]"},"class_list":["post-218","page","type-page","status-publish","hentry"],"yoast_head":"<!-- This site is optimized with the Yoast SEO plugin v28.3 - https:\/\/yoast.com\/product\/yoast-seo-wordpress\/ -->\n<title>Praktische Infos - B\u00f6imige Naturprojekte<\/title>\n<meta name=\"robots\" content=\"index, follow, max-snippet:-1, max-image-preview:large, max-video-preview:-1\" \/>\n<link rel=\"canonical\" href=\"https:\/\/boeimige.ch\/?page_id=218\" \/>\n<meta property=\"og:locale\" content=\"de_DE\" \/>\n<meta property=\"og:type\" content=\"article\" \/>\n<meta property=\"og:title\" content=\"Praktische Infos - B\u00f6imige Naturprojekte\" \/>\n<meta property=\"og:description\" content=\"Ausr\u00fcstung Die Kleidung ist ein wesentlicher Faktor f\u00fcr das gute Gelingen eines Waldtages. Bei&nbsp; unseren Angeboten sollten alle Teilnehmenden folgendes dabei haben: Wenn du Interesse an unserem Merkblatt &#8222;Praktische Waldtipps&#8220; hast, kannst du dich gerne bei info@boeimige.ch melden. &#8212;&#8212;&#8212;&#8212;&#8212;&#8212;&#8212;&#8212;&#8212;&#8212;&#8212;&#8212;&#8212;&#8212;&#8212;&#8212;&#8212;&#8212;&#8212;&#8212;&#8212;&#8212;&#8212;&#8212;&#8212;&#8212;&#8212;&#8212;&#8212;&#8212;&#8212;&#8212;&#8212;&#8212;&#8212;&#8212;&#8212;&#8212;&#8212;&#8211; Eingew\u00f6hnung &hellip; Weiterlesen &rarr;\" \/>\n<meta property=\"og:url\" content=\"https:\/\/boeimige.ch\/?page_id=218\" \/>\n<meta property=\"og:site_name\" content=\"B\u00f6imige Naturprojekte\" \/>\n<meta property=\"article:publisher\" content=\"https:\/\/www.facebook.com\/Eggwald3076\" \/>\n<meta property=\"article:modified_time\" content=\"2026-08-07T09:42:24+00:00\" \/>\n<meta property=\"og:image\" content=\"https:\/\/boeimige.ch\/wp-content\/uploads\/2016\/03\/img_2094-scaled.jpg\" \/>\n\t<meta property=\"og:image:width\" content=\"2560\" \/>\n\t<meta property=\"og:image:height\" content=\"1920\" \/>\n\t<meta property=\"og:image:type\" content=\"image\/jpeg\" \/>\n<meta name=\"twitter:card\" content=\"summary_large_image\" \/>\n<meta name=\"twitter:label1\" content=\"Gesch\u00e4tzte Lesezeit\" \/>\n\t<meta name=\"twitter:data1\" content=\"1\u00a0Minute\" \/>\n<script type=\"application\/ld+json\" class=\"yoast-schema-graph\">{\"@context\":\"https:\\\/\\\/schema.org\",\"@graph\":[{\"@type\":\"WebPage\",\"@id\":\"https:\\\/\\\/boeimige.ch\\\/?page_id=218\",\"url\":\"https:\\\/\\\/boeimige.ch\\\/?page_id=218\",\"name\":\"Praktische Infos - B\u00f6imige Naturprojekte\",\"isPartOf\":{\"@id\":\"https:\\\/\\\/boeimige.ch\\\/#website\"},\"primaryImageOfPage\":{\"@id\":\"https:\\\/\\\/boeimige.ch\\\/?page_id=218#primaryimage\"},\"image\":{\"@id\":\"https:\\\/\\\/boeimige.ch\\\/?page_id=218#primaryimage\"},\"thumbnailUrl\":\"https:\\\/\\\/boeimigenaturprojektedotch.files.wordpress.com\\\/2016\\\/03\\\/img_2094.jpg\",\"datePublished\":\"2016-03-12T16:52:46+00:00\",\"dateModified\":\"2026-08-07T09:42:24+00:00\",\"breadcrumb\":{\"@id\":\"https:\\\/\\\/boeimige.ch\\\/?page_id=218#breadcrumb\"},\"inLanguage\":\"de\",\"potentialAction\":[{\"@type\":\"ReadAction\",\"target\":[\"https:\\\/\\\/boeimige.ch\\\/?page_id=218\"]}]},{\"@type\":\"ImageObject\",\"inLanguage\":\"de\",\"@id\":\"https:\\\/\\\/boeimige.ch\\\/?page_id=218#primaryimage\",\"url\":\"https:\\\/\\\/boeimigenaturprojektedotch.files.wordpress.com\\\/2016\\\/03\\\/img_2094.jpg\",\"contentUrl\":\"https:\\\/\\\/boeimigenaturprojektedotch.files.wordpress.com\\\/2016\\\/03\\\/img_2094.jpg\"},{\"@type\":\"BreadcrumbList\",\"@id\":\"https:\\\/\\\/boeimige.ch\\\/?page_id=218#breadcrumb\",\"itemListElement\":[{\"@type\":\"ListItem\",\"position\":1,\"name\":\"Start\",\"item\":\"https:\\\/\\\/boeimige.ch\\\/\"},{\"@type\":\"ListItem\",\"position\":2,\"name\":\"Praktische Infos\"}]},{\"@type\":\"WebSite\",\"@id\":\"https:\\\/\\\/boeimige.ch\\\/#website\",\"url\":\"https:\\\/\\\/boeimige.ch\\\/\",\"name\":\"B\u00f6imige Naturprojekte\",\"description\":\"Waldspielgruppe und Walderlebnisse in Worb\",\"publisher\":{\"@id\":\"https:\\\/\\\/boeimige.ch\\\/#organization\"},\"potentialAction\":[{\"@type\":\"SearchAction\",\"target\":{\"@type\":\"EntryPoint\",\"urlTemplate\":\"https:\\\/\\\/boeimige.ch\\\/?s={search_term_string}\"},\"query-input\":{\"@type\":\"PropertyValueSpecification\",\"valueRequired\":true,\"valueName\":\"search_term_string\"}}],\"inLanguage\":\"de\"},{\"@type\":\"Organization\",\"@id\":\"https:\\\/\\\/boeimige.ch\\\/#organization\",\"name\":\"B\u00f6imige Naturprojekte\",\"url\":\"https:\\\/\\\/boeimige.ch\\\/\",\"logo\":{\"@type\":\"ImageObject\",\"inLanguage\":\"de\",\"@id\":\"https:\\\/\\\/boeimige.ch\\\/#\\\/schema\\\/logo\\\/image\\\/\",\"url\":\"https:\\\/\\\/boeimige.ch\\\/wp-content\\\/uploads\\\/2026\\\/08\\\/Logo-neu_farbig-scaled.png\",\"contentUrl\":\"https:\\\/\\\/boeimige.ch\\\/wp-content\\\/uploads\\\/2026\\\/08\\\/Logo-neu_farbig-scaled.png\",\"width\":2318,\"height\":2560,\"caption\":\"B\u00f6imige Naturprojekte\"},\"image\":{\"@id\":\"https:\\\/\\\/boeimige.ch\\\/#\\\/schema\\\/logo\\\/image\\\/\"},\"sameAs\":[\"https:\\\/\\\/www.facebook.com\\\/Eggwald3076\",\"https:\\\/\\\/www.instagram.com\\\/boeimige_waldspielgruppe?igsh=N2M2Ymt2bGVrYTEx&utm_source=qr\"]}]}<\/script>\n<!-- \/ Yoast SEO plugin. -->","yoast_head_json":{"title":"Praktische Infos - B\u00f6imige Naturprojekte","robots":{"index":"index","follow":"follow","max-snippet":"max-snippet:-1","max-image-preview":"max-image-preview:large","max-video-preview":"max-video-preview:-1"},"canonical":"https:\/\/boeimige.ch\/?page_id=218","og_locale":"de_DE","og_type":"article","og_title":"Praktische Infos - B\u00f6imige Naturprojekte","og_description":"Ausr\u00fcstung Die Kleidung ist ein wesentlicher Faktor f\u00fcr das gute Gelingen eines Waldtages. Bei&nbsp; unseren Angeboten sollten alle Teilnehmenden folgendes dabei haben: Wenn du Interesse an unserem Merkblatt &#8222;Praktische Waldtipps&#8220; hast, kannst du dich gerne bei info@boeimige.ch melden. &#8212;&#8212;&#8212;&#8212;&#8212;&#8212;&#8212;&#8212;&#8212;&#8212;&#8212;&#8212;&#8212;&#8212;&#8212;&#8212;&#8212;&#8212;&#8212;&#8212;&#8212;&#8212;&#8212;&#8212;&#8212;&#8212;&#8212;&#8212;&#8212;&#8212;&#8212;&#8212;&#8212;&#8212;&#8212;&#8212;&#8212;&#8212;&#8212;&#8211; Eingew\u00f6hnung &hellip; Weiterlesen &rarr;","og_url":"https:\/\/boeimige.ch\/?page_id=218","og_site_name":"B\u00f6imige Naturprojekte","article_publisher":"https:\/\/www.facebook.com\/Eggwald3076","article_modified_time":"2026-08-07T09:42:24+00:00","og_image":[{"width":2560,"height":1920,"url":"https:\/\/boeimige.ch\/wp-content\/uploads\/2016\/03\/img_2094-scaled.jpg","type":"image\/jpeg"}],"twitter_card":"summary_large_image","twitter_misc":{"Gesch\u00e4tzte Lesezeit":"1\u00a0Minute"},"schema":{"@context":"https:\/\/schema.org","@graph":[{"@type":"WebPage","@id":"https:\/\/boeimige.ch\/?page_id=218","url":"https:\/\/boeimige.ch\/?page_id=218","name":"Praktische Infos - B\u00f6imige Naturprojekte","isPartOf":{"@id":"https:\/\/boeimige.ch\/#website"},"primaryImageOfPage":{"@id":"https:\/\/boeimige.ch\/?page_id=218#primaryimage"},"image":{"@id":"https:\/\/boeimige.ch\/?page_id=218#primaryimage"},"thumbnailUrl":"https:\/\/boeimigenaturprojektedotch.files.wordpress.com\/2016\/03\/img_2094.jpg","datePublished":"2016-03-12T16:52:46+00:00","dateModified":"2026-08-07T09:42:24+00:00","breadcrumb":{"@id":"https:\/\/boeimige.ch\/?page_id=218#breadcrumb"},"inLanguage":"de","potentialAction":[{"@type":"ReadAction","target":["https:\/\/boeimige.ch\/?page_id=218"]}]},{"@type":"ImageObject","inLanguage":"de","@id":"https:\/\/boeimige.ch\/?page_id=218#primaryimage","url":"https:\/\/boeimigenaturprojektedotch.files.wordpress.com\/2016\/03\/img_2094.jpg","contentUrl":"https:\/\/boeimigenaturprojektedotch.files.wordpress.com\/2016\/03\/img_2094.jpg"},{"@type":"BreadcrumbList","@id":"https:\/\/boeimige.ch\/?page_id=218#breadcrumb","itemListElement":[{"@type":"ListItem","position":1,"name":"Start","item":"https:\/\/boeimige.ch\/"},{"@type":"ListItem","position":2,"name":"Praktische Infos"}]},{"@type":"WebSite","@id":"https:\/\/boeimige.ch\/#website","url":"https:\/\/boeimige.ch\/","name":"B\u00f6imige Naturprojekte","description":"Waldspielgruppe und Walderlebnisse in Worb","publisher":{"@id":"https:\/\/boeimige.ch\/#organization"},"potentialAction":[{"@type":"SearchAction","target":{"@type":"EntryPoint","urlTemplate":"https:\/\/boeimige.ch\/?s={search_term_string}"},"query-input":{"@type":"PropertyValueSpecification","valueRequired":true,"valueName":"search_term_string"}}],"inLanguage":"de"},{"@type":"Organization","@id":"https:\/\/boeimige.ch\/#organization","name":"B\u00f6imige Naturprojekte","url":"https:\/\/boeimige.ch\/","logo":{"@type":"ImageObject","inLanguage":"de","@id":"https:\/\/boeimige.ch\/#\/schema\/logo\/image\/","url":"https:\/\/boeimige.ch\/wp-content\/uploads\/2026\/08\/Logo-neu_farbig-scaled.png","contentUrl":"https:\/\/boeimige.ch\/wp-content\/uploads\/2026\/08\/Logo-neu_farbig-scaled.png","width":2318,"height":2560,"caption":"B\u00f6imige Naturprojekte"},"image":{"@id":"https:\/\/boeimige.ch\/#\/schema\/logo\/image\/"},"sameAs":["https:\/\/www.facebook.com\/Eggwald3076","https:\/\/www.instagram.com\/boeimige_waldspielgruppe?igsh=N2M2Ymt2bGVrYTEx&utm_source=qr"]}]}},"_links":{"self":[{"href":"https:\/\/boeimige.ch\/index.php?rest_route=\/wp\/v2\/pages\/218","targetHints":{"allow":["GET"]}}],"collection":[{"href":"https:\/\/boeimige.ch\/index.php?rest_route=\/wp\/v2\/pages"}],"about":[{"href":"https:\/\/boeimige.ch\/index.php?rest_route=\/wp\/v2\/types\/page"}],"author":[{"embeddable":true,"href":"https:\/\/boeimige.ch\/index.php?rest_route=\/wp\/v2\/users\/1"}],"replies":[{"embeddable":true,"href":"https:\/\/boeimige.ch\/index.php?rest_route=%2Fwp%2Fv2%2Fcomments&post=218"}],"version-history":[{"count":10,"href":"https:\/\/boeimige.ch\/index.php?rest_route=\/wp\/v2\/pages\/218\/revisions"}],"predecessor-version":[{"id":5773,"href":"https:\/\/boeimige.ch\/index.php?rest_route=\/wp\/v2\/pages\/218\/revisions\/5773"}],"wp:attachment":[{"href":"https:\/\/boeimige.ch\/index.php?rest_route=%2Fwp%2Fv2%2Fmedia&parent=218"}],"curies":[{"name":"wp","href":"https:\/\/api.w.org\/{rel}","templated":true}]}}