{"id":531,"date":"2017-01-17T20:25:38","date_gmt":"2017-01-17T19:25:38","guid":{"rendered":"http:\/\/boeimige.ch\/?page_id=531"},"modified":"2026-05-03T10:13:44","modified_gmt":"2026-05-03T10:13:44","slug":"ferienspasstage","status":"publish","type":"page","link":"https:\/\/boeimige.ch\/?page_id=531","title":{"rendered":"Ferienspasstage und Projekt Marmotta"},"content":{"rendered":"\n<div class=\"wp-block-columns is-layout-flex wp-container-core-columns-is-layout-8f761849 wp-block-columns-is-layout-flex\">\n<div class=\"wp-block-column is-layout-flow wp-block-column-is-layout-flow\" style=\"flex-basis:50%\">\n<p class=\"wp-block-paragraph\"><strong>Marmottas sind stark, mutig und neugierig. Zusammen erkunden wir den Wald und lernen die Natur kennen.<\/strong> Wir \u00fcben zusammen Techniken, erleben die Natur, beobachten die Waldbewohner und bewegen uns sicher und respektvoll im Wald.<\/p>\n<\/div>\n\n\n\n<div class=\"wp-block-column is-layout-flow wp-block-column-is-layout-flow\" style=\"flex-basis:50%\">\n<figure class=\"wp-block-image size-full is-resized\"><img loading=\"lazy\" decoding=\"async\" width=\"500\" height=\"500\" src=\"https:\/\/boeimige.ch\/wp-content\/uploads\/2024\/03\/marmotta_by_mathan-1.png\" alt=\"\" class=\"wp-image-4993\" style=\"width:197px;height:auto\" srcset=\"https:\/\/boeimige.ch\/wp-content\/uploads\/2024\/03\/marmotta_by_mathan-1.png 500w, https:\/\/boeimige.ch\/wp-content\/uploads\/2024\/03\/marmotta_by_mathan-1-300x300.png 300w, https:\/\/boeimige.ch\/wp-content\/uploads\/2024\/03\/marmotta_by_mathan-1-150x150.png 150w\" sizes=\"auto, (max-width: 500px) 100vw, 500px\" \/><\/figure>\n<\/div>\n<\/div>\n\n\n\n<p class=\"wp-block-paragraph\">Das Projekt Marmotta bietet in den Fr\u00fchlings-, Sommer- und Herbstferien spannende Waldtage f\u00fcr Kindergarten- und Schulkinder an. <\/p>\n\n\n\n<hr class=\"wp-block-separator has-alpha-channel-opacity\"\/>\n\n\n\n<p class=\"wp-block-paragraph\"><strong><mark style=\"background-color:#82e321\" class=\"has-inline-color\">Naturpapiere sch\u00f6pfen &#8211; August 2026 <\/mark><\/strong><\/p>\n\n\n\n<p class=\"wp-block-paragraph\">Kann man aus Brennnesseln Papier machen? Wir sind im wahrsten Sinn des Wortes sch\u00f6pferisch t\u00e4tig und experimentieren mit Pflanzenmaterialien und Naturfarben. Sch\u00f6pfen, gautschen, pressen und sich \u00fcberraschen lassen, welche Farben und Strukturen entstehen &#8211; Papier ist so faszinierend!<\/p>\n\n\n\n<ul class=\"wp-block-list\">\n<li>Datum: Di, 4. August 2026 <\/li>\n\n\n\n<li>Zeit: 14.00 bis 17.00 Uhr<\/li>\n\n\n\n<li>Alter: 5-12 Jahre<\/li>\n\n\n\n<li>Treffpunkt: B\u00f6imiges Waldsofa Eggwald<\/li>\n\n\n\n<li>Kosten: 20.-<\/li>\n\n\n\n<li>Leitung: Marianne Grimm und Regula Bendel<\/li>\n\n\n\n<li>Anmeldung: \u00fcber die <a href=\"https:\/\/www.jugendarbeit-worb.ch\/ferienspass\">Jugendarbeit<\/a> Worb oder \u00fcber <a href=\"mailto:matthias@boeimige.ch\">info@boeimige.ch<\/a><\/li>\n\n\n\n<li>Mitbringen: Zvieri, dem Wetter angepasste Kleider, Zeckenschutz.<\/li>\n<\/ul>\n\n\n\n<hr class=\"wp-block-separator has-alpha-channel-opacity\"\/>\n\n\n\n<p class=\"wp-block-paragraph\"><strong><mark style=\"background-color:#82e321\" class=\"has-inline-color\">Auf den Spuren des Fuchses &#8211; August 2026 <\/mark><\/strong><\/p>\n\n\n\n<p class=\"wp-block-paragraph\">Wo k\u00f6nnte der Fuchs seine H\u00f6hle haben und was macht die Fuchsfamilie das ganze Jahr hindurch? Vielleicht finden wir Spuren und erfahren wo Meister Reineke in der Nacht zuvor unterwegs war. Wir h\u00f6ren Geschichten und spielen Fuchspiele.<\/p>\n\n\n\n<ul class=\"wp-block-list\">\n<li>Daten: Mi, 5. + Fr. 7. August 2026 (2 Durchf\u00fchrungen) <\/li>\n\n\n\n<li>Zeit:  9.00 bis 11.00 Uhr<\/li>\n\n\n\n<li>Alter: Ab der 2. Klasse<\/li>\n\n\n\n<li>Treffpunkt: Steindenkmal Hasliweg<\/li>\n\n\n\n<li>Kosten: 15.-<\/li>\n\n\n\n<li>Leitung: Matthias Marthaler<\/li>\n\n\n\n<li>Anmeldung: \u00fcber die <a href=\"https:\/\/www.jugendarbeit-worb.ch\/ferienspass\">Jugendarbeit<\/a> Worb oder \u00fcber <a href=\"mailto:matthias@boeimige.ch\">info@boeimige.ch<\/a><\/li>\n\n\n\n<li>Mitbringen: Wetterangepasste Kleidung und gute Schuhe, Rucksack, eingespr\u00fcht mit M\u00fccken-, Zeckenschutz, Sonnenschutz, gef\u00fcllte Trinkflasche, Zvieri<\/li>\n<\/ul>\n\n\n\n<hr class=\"wp-block-separator has-alpha-channel-opacity\"\/>\n\n\n\n<p class=\"wp-block-paragraph\"><strong><mark style=\"background-color:#82e321\" class=\"has-inline-color\">Feuerwerkstatt &#8211; August 2026 <\/mark><\/strong><\/p>\n\n\n\n<p class=\"wp-block-paragraph\">Werde zur Feuerexpertin, Feuerexperten! Gemeinsam bauen wir eine sichere Feuerstelle, suchen Kienspan im Wald und mit dem Feuerstahl lassen wir die Funken tanzen. Wir lernen, wie man Feuer richtig entfacht, worauf man achten muss und wie wir uns und den Wald sch\u00fctzen. Ein spannendes Naturabenteuer f\u00fcr alle, die Feuer spielerisch und verantwortungsvoll kennenlernen wollen.<\/p>\n\n\n\n<ul class=\"wp-block-list\">\n<li>Daten: Mi, 5. + Fr. 7. August 2026 (2 Durchf\u00fchrungen)<\/li>\n\n\n\n<li>Zeit: 16.00 bis 18.30 Uhr<\/li>\n\n\n\n<li>Alter: Ab der 2. Klasse<\/li>\n\n\n\n<li>Treffpunkt: Steindenkmal Hasliweg<\/li>\n\n\n\n<li>Kosten: 20.-<\/li>\n\n\n\n<li>Leitung: Matthias Marthaler<\/li>\n\n\n\n<li>Anmeldung: \u00fcber die <a href=\"https:\/\/www.jugendarbeit-worb.ch\/ferienspass\">Jugendarbeit<\/a> Worb oder \u00fcber <a href=\"mailto:matthias@boeimige.ch\">info@boeimige.ch<\/a><\/li>\n\n\n\n<li>Mitbringen: Wetterangepasste Kleidung und gute Schuhe, Rucksack, eingespr\u00fcht mit M\u00fccken-, Zeckenschutz, Sonnenschutz, gef\u00fcllte Trinkflasche, Zvieri<\/li>\n<\/ul>\n\n\n\n<p class=\"wp-block-paragraph\"><\/p>\n\n\n\n<figure class=\"wp-block-gallery has-nested-images columns-2 is-cropped wp-block-gallery-1 is-layout-flex wp-block-gallery-is-layout-flex\">\n<figure class=\"wp-block-image size-large\"><img loading=\"lazy\" decoding=\"async\" width=\"768\" height=\"1024\" data-id=\"5039\" src=\"https:\/\/boeimige.ch\/wp-content\/uploads\/2024\/04\/IMG_0912-768x1024.jpg\" alt=\"\" class=\"wp-image-5039\" srcset=\"https:\/\/boeimige.ch\/wp-content\/uploads\/2024\/04\/IMG_0912-768x1024.jpg 768w, https:\/\/boeimige.ch\/wp-content\/uploads\/2024\/04\/IMG_0912-225x300.jpg 225w, https:\/\/boeimige.ch\/wp-content\/uploads\/2024\/04\/IMG_0912-1152x1536.jpg 1152w, https:\/\/boeimige.ch\/wp-content\/uploads\/2024\/04\/IMG_0912-1536x2048.jpg 1536w, https:\/\/boeimige.ch\/wp-content\/uploads\/2024\/04\/IMG_0912-scaled.jpg 1920w\" sizes=\"auto, (max-width: 768px) 100vw, 768px\" \/><\/figure>\n\n\n\n<figure class=\"wp-block-image size-large\"><img loading=\"lazy\" decoding=\"async\" width=\"768\" height=\"1024\" data-id=\"5043\" src=\"https:\/\/boeimige.ch\/wp-content\/uploads\/2024\/04\/IMG_0905-768x1024.jpg\" alt=\"\" class=\"wp-image-5043\" srcset=\"https:\/\/boeimige.ch\/wp-content\/uploads\/2024\/04\/IMG_0905-768x1024.jpg 768w, https:\/\/boeimige.ch\/wp-content\/uploads\/2024\/04\/IMG_0905-225x300.jpg 225w, https:\/\/boeimige.ch\/wp-content\/uploads\/2024\/04\/IMG_0905-1152x1536.jpg 1152w, https:\/\/boeimige.ch\/wp-content\/uploads\/2024\/04\/IMG_0905-1536x2048.jpg 1536w, https:\/\/boeimige.ch\/wp-content\/uploads\/2024\/04\/IMG_0905-scaled.jpg 1920w\" sizes=\"auto, (max-width: 768px) 100vw, 768px\" \/><\/figure>\n\n\n\n<figure class=\"wp-block-image size-large is-style-default\"><img loading=\"lazy\" decoding=\"async\" width=\"1024\" height=\"768\" data-id=\"5045\" src=\"https:\/\/boeimige.ch\/wp-content\/uploads\/2024\/04\/IMG_0900-scaled-e1713709807506-1024x768.jpg\" alt=\"\" class=\"wp-image-5045\" srcset=\"https:\/\/boeimige.ch\/wp-content\/uploads\/2024\/04\/IMG_0900-scaled-e1713709807506-1024x768.jpg 1024w, https:\/\/boeimige.ch\/wp-content\/uploads\/2024\/04\/IMG_0900-scaled-e1713709807506-300x225.jpg 300w, https:\/\/boeimige.ch\/wp-content\/uploads\/2024\/04\/IMG_0900-scaled-e1713709807506-768x576.jpg 768w, https:\/\/boeimige.ch\/wp-content\/uploads\/2024\/04\/IMG_0900-scaled-e1713709807506-1536x1152.jpg 1536w, https:\/\/boeimige.ch\/wp-content\/uploads\/2024\/04\/IMG_0900-scaled-e1713709807506-2048x1536.jpg 2048w, https:\/\/boeimige.ch\/wp-content\/uploads\/2024\/04\/IMG_0900-scaled-e1713709807506-400x300.jpg 400w\" sizes=\"auto, (max-width: 1024px) 100vw, 1024px\" \/><\/figure>\n<\/figure>\n\n\n\n<hr class=\"wp-block-separator has-alpha-channel-opacity\"\/>\n\n\n\n<figure class=\"wp-block-gallery has-nested-images columns-2 is-cropped wp-block-gallery-2 is-layout-flex wp-block-gallery-is-layout-flex\">\n<figure class=\"wp-block-image size-large\"><img loading=\"lazy\" decoding=\"async\" width=\"768\" height=\"1024\" data-id=\"5038\" src=\"https:\/\/boeimige.ch\/wp-content\/uploads\/2024\/04\/IMG_0914-768x1024.jpg\" alt=\"\" class=\"wp-image-5038\" srcset=\"https:\/\/boeimige.ch\/wp-content\/uploads\/2024\/04\/IMG_0914-768x1024.jpg 768w, https:\/\/boeimige.ch\/wp-content\/uploads\/2024\/04\/IMG_0914-225x300.jpg 225w, https:\/\/boeimige.ch\/wp-content\/uploads\/2024\/04\/IMG_0914-1152x1536.jpg 1152w, https:\/\/boeimige.ch\/wp-content\/uploads\/2024\/04\/IMG_0914-1536x2048.jpg 1536w, https:\/\/boeimige.ch\/wp-content\/uploads\/2024\/04\/IMG_0914-scaled.jpg 1920w\" sizes=\"auto, (max-width: 768px) 100vw, 768px\" \/><\/figure>\n\n\n\n<figure class=\"wp-block-image size-large\"><img loading=\"lazy\" decoding=\"async\" width=\"1024\" height=\"768\" data-id=\"5041\" src=\"https:\/\/boeimige.ch\/wp-content\/uploads\/2024\/04\/IMG_0920-1024x768.jpg\" alt=\"\" class=\"wp-image-5041\" srcset=\"https:\/\/boeimige.ch\/wp-content\/uploads\/2024\/04\/IMG_0920-1024x768.jpg 1024w, https:\/\/boeimige.ch\/wp-content\/uploads\/2024\/04\/IMG_0920-300x225.jpg 300w, https:\/\/boeimige.ch\/wp-content\/uploads\/2024\/04\/IMG_0920-768x576.jpg 768w, https:\/\/boeimige.ch\/wp-content\/uploads\/2024\/04\/IMG_0920-1536x1152.jpg 1536w, https:\/\/boeimige.ch\/wp-content\/uploads\/2024\/04\/IMG_0920-2048x1536.jpg 2048w, https:\/\/boeimige.ch\/wp-content\/uploads\/2024\/04\/IMG_0920-400x300.jpg 400w\" sizes=\"auto, (max-width: 1024px) 100vw, 1024px\" \/><\/figure>\n\n\n\n<figure class=\"wp-block-image size-large\"><img loading=\"lazy\" decoding=\"async\" width=\"768\" height=\"1024\" data-id=\"5042\" src=\"https:\/\/boeimige.ch\/wp-content\/uploads\/2024\/04\/IMG_0921-768x1024.jpg\" alt=\"\" class=\"wp-image-5042\" srcset=\"https:\/\/boeimige.ch\/wp-content\/uploads\/2024\/04\/IMG_0921-768x1024.jpg 768w, https:\/\/boeimige.ch\/wp-content\/uploads\/2024\/04\/IMG_0921-225x300.jpg 225w, https:\/\/boeimige.ch\/wp-content\/uploads\/2024\/04\/IMG_0921-1152x1536.jpg 1152w, https:\/\/boeimige.ch\/wp-content\/uploads\/2024\/04\/IMG_0921-1536x2048.jpg 1536w, https:\/\/boeimige.ch\/wp-content\/uploads\/2024\/04\/IMG_0921-scaled.jpg 1920w\" sizes=\"auto, (max-width: 768px) 100vw, 768px\" \/><\/figure>\n\n\n\n<figure class=\"wp-block-image size-large\"><img loading=\"lazy\" decoding=\"async\" width=\"768\" height=\"1024\" data-id=\"5040\" src=\"https:\/\/boeimige.ch\/wp-content\/uploads\/2024\/04\/IMG_0923-768x1024.jpg\" alt=\"\" class=\"wp-image-5040\" srcset=\"https:\/\/boeimige.ch\/wp-content\/uploads\/2024\/04\/IMG_0923-768x1024.jpg 768w, https:\/\/boeimige.ch\/wp-content\/uploads\/2024\/04\/IMG_0923-225x300.jpg 225w, https:\/\/boeimige.ch\/wp-content\/uploads\/2024\/04\/IMG_0923-1152x1536.jpg 1152w, https:\/\/boeimige.ch\/wp-content\/uploads\/2024\/04\/IMG_0923-1536x2048.jpg 1536w, https:\/\/boeimige.ch\/wp-content\/uploads\/2024\/04\/IMG_0923-scaled.jpg 1920w\" sizes=\"auto, (max-width: 768px) 100vw, 768px\" \/><\/figure>\n\n\n\n<figure class=\"wp-block-image size-large\"><img loading=\"lazy\" decoding=\"async\" width=\"1024\" height=\"768\" data-id=\"5037\" src=\"https:\/\/boeimige.ch\/wp-content\/uploads\/2024\/04\/IMG_0924-1024x768.jpg\" alt=\"\" class=\"wp-image-5037\" srcset=\"https:\/\/boeimige.ch\/wp-content\/uploads\/2024\/04\/IMG_0924-1024x768.jpg 1024w, https:\/\/boeimige.ch\/wp-content\/uploads\/2024\/04\/IMG_0924-300x225.jpg 300w, https:\/\/boeimige.ch\/wp-content\/uploads\/2024\/04\/IMG_0924-768x576.jpg 768w, https:\/\/boeimige.ch\/wp-content\/uploads\/2024\/04\/IMG_0924-1536x1152.jpg 1536w, https:\/\/boeimige.ch\/wp-content\/uploads\/2024\/04\/IMG_0924-2048x1536.jpg 2048w, https:\/\/boeimige.ch\/wp-content\/uploads\/2024\/04\/IMG_0924-400x300.jpg 400w\" sizes=\"auto, (max-width: 1024px) 100vw, 1024px\" \/><\/figure>\n\n\n\n<figure class=\"wp-block-image size-large\"><img loading=\"lazy\" decoding=\"async\" width=\"1024\" height=\"768\" data-id=\"5044\" src=\"https:\/\/boeimige.ch\/wp-content\/uploads\/2024\/04\/IMG_0926-1024x768.jpg\" alt=\"\" class=\"wp-image-5044\" srcset=\"https:\/\/boeimige.ch\/wp-content\/uploads\/2024\/04\/IMG_0926-1024x768.jpg 1024w, https:\/\/boeimige.ch\/wp-content\/uploads\/2024\/04\/IMG_0926-300x225.jpg 300w, https:\/\/boeimige.ch\/wp-content\/uploads\/2024\/04\/IMG_0926-768x576.jpg 768w, https:\/\/boeimige.ch\/wp-content\/uploads\/2024\/04\/IMG_0926-1536x1152.jpg 1536w, https:\/\/boeimige.ch\/wp-content\/uploads\/2024\/04\/IMG_0926-2048x1536.jpg 2048w, https:\/\/boeimige.ch\/wp-content\/uploads\/2024\/04\/IMG_0926-400x300.jpg 400w\" sizes=\"auto, (max-width: 1024px) 100vw, 1024px\" \/><\/figure>\n<\/figure>\n\n\n\n<p class=\"wp-block-paragraph\" style=\"text-decoration:underline\"><\/p>\n\n\n\n<hr class=\"wp-block-separator has-alpha-channel-opacity\"\/>\n\n\n\n<figure class=\"wp-block-gallery has-nested-images columns-2 is-cropped wp-block-gallery-3 is-layout-flex wp-block-gallery-is-layout-flex\">\n<figure class=\"wp-block-image size-large\"><img decoding=\"async\" data-id=\"2320\" src=\"https:\/\/boeimigenaturprojektedotch.files.wordpress.com\/2022\/09\/img_7559.jpg?w=1024\" alt=\"\" class=\"wp-image-2320\"\/><\/figure>\n\n\n\n<figure class=\"wp-block-image size-large\"><img loading=\"lazy\" decoding=\"async\" width=\"355\" height=\"200\" data-id=\"1771\" src=\"https:\/\/boeimigenaturprojektedotch.files.wordpress.com\/2021\/05\/grafik-5.png?w=355\" alt=\"\" class=\"wp-image-1771\" srcset=\"https:\/\/boeimige.ch\/wp-content\/uploads\/2021\/05\/grafik-5.png 355w, https:\/\/boeimige.ch\/wp-content\/uploads\/2021\/05\/grafik-5-300x169.png 300w\" sizes=\"auto, (max-width: 355px) 100vw, 355px\" \/><\/figure>\n\n\n\n<figure class=\"wp-block-image size-large\"><img decoding=\"async\" data-id=\"2517\" src=\"https:\/\/boeimigenaturprojektedotch.files.wordpress.com\/2022\/12\/img_8340.jpg?w=1024\" alt=\"\" class=\"wp-image-2517\"\/><\/figure>\n<\/figure>\n\n\n\n<p class=\"wp-block-paragraph\"><\/p>\n\n\n\n<p class=\"wp-block-paragraph\"><\/p>\n","protected":false},"excerpt":{"rendered":"<p>Marmottas sind stark, mutig und neugierig. Zusammen erkunden wir den Wald und lernen die Natur kennen. Wir \u00fcben zusammen Techniken, erleben die Natur, beobachten die Waldbewohner und bewegen uns sicher und respektvoll im Wald. Das Projekt Marmotta bietet in den &hellip; <a href=\"https:\/\/boeimige.ch\/?page_id=531\">Weiterlesen <span class=\"meta-nav\">&rarr;<\/span><\/a><\/p>\n","protected":false},"author":1,"featured_media":0,"parent":64,"menu_order":0,"comment_status":"closed","ping_status":"closed","template":"sidebar-page.php","meta":{"footnotes":""},"class_list":["post-531","page","type-page","status-publish","hentry"],"yoast_head":"<!-- This site is optimized with the Yoast SEO plugin v28.3 - https:\/\/yoast.com\/product\/yoast-seo-wordpress\/ -->\n<title>Ferienspasstage und Projekt Marmotta - B\u00f6imige Naturprojekte<\/title>\n<meta name=\"robots\" content=\"index, follow, max-snippet:-1, max-image-preview:large, max-video-preview:-1\" \/>\n<link rel=\"canonical\" href=\"https:\/\/boeimige.ch\/?page_id=531\" \/>\n<meta property=\"og:locale\" content=\"de_DE\" \/>\n<meta property=\"og:type\" content=\"article\" \/>\n<meta property=\"og:title\" content=\"Ferienspasstage und Projekt Marmotta - B\u00f6imige Naturprojekte\" \/>\n<meta property=\"og:description\" content=\"Marmottas sind stark, mutig und neugierig. Zusammen erkunden wir den Wald und lernen die Natur kennen. Wir \u00fcben zusammen Techniken, erleben die Natur, beobachten die Waldbewohner und bewegen uns sicher und respektvoll im Wald. Das Projekt Marmotta bietet in den &hellip; Weiterlesen &rarr;\" \/>\n<meta property=\"og:url\" content=\"https:\/\/boeimige.ch\/?page_id=531\" \/>\n<meta property=\"og:site_name\" content=\"B\u00f6imige Naturprojekte\" \/>\n<meta property=\"article:publisher\" content=\"https:\/\/www.facebook.com\/Eggwald3076\" \/>\n<meta property=\"article:modified_time\" content=\"2026-05-03T10:13:44+00:00\" \/>\n<meta property=\"og:image\" content=\"https:\/\/boeimige.ch\/wp-content\/uploads\/2024\/03\/marmotta_by_mathan-1.png\" \/>\n\t<meta property=\"og:image:width\" content=\"500\" \/>\n\t<meta property=\"og:image:height\" content=\"500\" \/>\n\t<meta property=\"og:image:type\" content=\"image\/png\" \/>\n<meta name=\"twitter:card\" content=\"summary_large_image\" \/>\n<meta name=\"twitter:label1\" content=\"Gesch\u00e4tzte Lesezeit\" \/>\n\t<meta name=\"twitter:data1\" content=\"2\u00a0Minuten\" \/>\n<script type=\"application\/ld+json\" class=\"yoast-schema-graph\">{\"@context\":\"https:\\\/\\\/schema.org\",\"@graph\":[{\"@type\":\"WebPage\",\"@id\":\"https:\\\/\\\/boeimige.ch\\\/?page_id=531\",\"url\":\"https:\\\/\\\/boeimige.ch\\\/?page_id=531\",\"name\":\"Ferienspasstage und Projekt Marmotta - B\u00f6imige Naturprojekte\",\"isPartOf\":{\"@id\":\"https:\\\/\\\/boeimige.ch\\\/#website\"},\"primaryImageOfPage\":{\"@id\":\"https:\\\/\\\/boeimige.ch\\\/?page_id=531#primaryimage\"},\"image\":{\"@id\":\"https:\\\/\\\/boeimige.ch\\\/?page_id=531#primaryimage\"},\"thumbnailUrl\":\"https:\\\/\\\/boeimige.ch\\\/wp-content\\\/uploads\\\/2024\\\/03\\\/marmotta_by_mathan-1.png\",\"datePublished\":\"2017-01-17T19:25:38+00:00\",\"dateModified\":\"2026-05-03T10:13:44+00:00\",\"breadcrumb\":{\"@id\":\"https:\\\/\\\/boeimige.ch\\\/?page_id=531#breadcrumb\"},\"inLanguage\":\"de\",\"potentialAction\":[{\"@type\":\"ReadAction\",\"target\":[\"https:\\\/\\\/boeimige.ch\\\/?page_id=531\"]}]},{\"@type\":\"ImageObject\",\"inLanguage\":\"de\",\"@id\":\"https:\\\/\\\/boeimige.ch\\\/?page_id=531#primaryimage\",\"url\":\"https:\\\/\\\/boeimige.ch\\\/wp-content\\\/uploads\\\/2024\\\/03\\\/marmotta_by_mathan-1.png\",\"contentUrl\":\"https:\\\/\\\/boeimige.ch\\\/wp-content\\\/uploads\\\/2024\\\/03\\\/marmotta_by_mathan-1.png\",\"width\":500,\"height\":500},{\"@type\":\"BreadcrumbList\",\"@id\":\"https:\\\/\\\/boeimige.ch\\\/?page_id=531#breadcrumb\",\"itemListElement\":[{\"@type\":\"ListItem\",\"position\":1,\"name\":\"Start\",\"item\":\"https:\\\/\\\/boeimige.ch\\\/\"},{\"@type\":\"ListItem\",\"position\":2,\"name\":\"Angebot\",\"item\":\"https:\\\/\\\/boeimige.ch\\\/?page_id=64\"},{\"@type\":\"ListItem\",\"position\":3,\"name\":\"Ferienspasstage und Projekt Marmotta\"}]},{\"@type\":\"WebSite\",\"@id\":\"https:\\\/\\\/boeimige.ch\\\/#website\",\"url\":\"https:\\\/\\\/boeimige.ch\\\/\",\"name\":\"B\u00f6imige Naturprojekte\",\"description\":\"Waldspielgruppe und Walderlebnisse in Worb\",\"publisher\":{\"@id\":\"https:\\\/\\\/boeimige.ch\\\/#organization\"},\"potentialAction\":[{\"@type\":\"SearchAction\",\"target\":{\"@type\":\"EntryPoint\",\"urlTemplate\":\"https:\\\/\\\/boeimige.ch\\\/?s={search_term_string}\"},\"query-input\":{\"@type\":\"PropertyValueSpecification\",\"valueRequired\":true,\"valueName\":\"search_term_string\"}}],\"inLanguage\":\"de\"},{\"@type\":\"Organization\",\"@id\":\"https:\\\/\\\/boeimige.ch\\\/#organization\",\"name\":\"B\u00f6imige Naturprojekte\",\"url\":\"https:\\\/\\\/boeimige.ch\\\/\",\"logo\":{\"@type\":\"ImageObject\",\"inLanguage\":\"de\",\"@id\":\"https:\\\/\\\/boeimige.ch\\\/#\\\/schema\\\/logo\\\/image\\\/\",\"url\":\"https:\\\/\\\/boeimige.ch\\\/wp-content\\\/uploads\\\/2026\\\/08\\\/Logo-neu_farbig-scaled.png\",\"contentUrl\":\"https:\\\/\\\/boeimige.ch\\\/wp-content\\\/uploads\\\/2026\\\/08\\\/Logo-neu_farbig-scaled.png\",\"width\":2318,\"height\":2560,\"caption\":\"B\u00f6imige Naturprojekte\"},\"image\":{\"@id\":\"https:\\\/\\\/boeimige.ch\\\/#\\\/schema\\\/logo\\\/image\\\/\"},\"sameAs\":[\"https:\\\/\\\/www.facebook.com\\\/Eggwald3076\",\"https:\\\/\\\/www.instagram.com\\\/boeimige_waldspielgruppe?igsh=N2M2Ymt2bGVrYTEx&utm_source=qr\"]}]}<\/script>\n<!-- \/ Yoast SEO plugin. -->","yoast_head_json":{"title":"Ferienspasstage und Projekt Marmotta - B\u00f6imige Naturprojekte","robots":{"index":"index","follow":"follow","max-snippet":"max-snippet:-1","max-image-preview":"max-image-preview:large","max-video-preview":"max-video-preview:-1"},"canonical":"https:\/\/boeimige.ch\/?page_id=531","og_locale":"de_DE","og_type":"article","og_title":"Ferienspasstage und Projekt Marmotta - B\u00f6imige Naturprojekte","og_description":"Marmottas sind stark, mutig und neugierig. Zusammen erkunden wir den Wald und lernen die Natur kennen. Wir \u00fcben zusammen Techniken, erleben die Natur, beobachten die Waldbewohner und bewegen uns sicher und respektvoll im Wald. Das Projekt Marmotta bietet in den &hellip; Weiterlesen &rarr;","og_url":"https:\/\/boeimige.ch\/?page_id=531","og_site_name":"B\u00f6imige Naturprojekte","article_publisher":"https:\/\/www.facebook.com\/Eggwald3076","article_modified_time":"2026-05-03T10:13:44+00:00","og_image":[{"width":500,"height":500,"url":"https:\/\/boeimige.ch\/wp-content\/uploads\/2024\/03\/marmotta_by_mathan-1.png","type":"image\/png"}],"twitter_card":"summary_large_image","twitter_misc":{"Gesch\u00e4tzte Lesezeit":"2\u00a0Minuten"},"schema":{"@context":"https:\/\/schema.org","@graph":[{"@type":"WebPage","@id":"https:\/\/boeimige.ch\/?page_id=531","url":"https:\/\/boeimige.ch\/?page_id=531","name":"Ferienspasstage und Projekt Marmotta - B\u00f6imige Naturprojekte","isPartOf":{"@id":"https:\/\/boeimige.ch\/#website"},"primaryImageOfPage":{"@id":"https:\/\/boeimige.ch\/?page_id=531#primaryimage"},"image":{"@id":"https:\/\/boeimige.ch\/?page_id=531#primaryimage"},"thumbnailUrl":"https:\/\/boeimige.ch\/wp-content\/uploads\/2024\/03\/marmotta_by_mathan-1.png","datePublished":"2017-01-17T19:25:38+00:00","dateModified":"2026-05-03T10:13:44+00:00","breadcrumb":{"@id":"https:\/\/boeimige.ch\/?page_id=531#breadcrumb"},"inLanguage":"de","potentialAction":[{"@type":"ReadAction","target":["https:\/\/boeimige.ch\/?page_id=531"]}]},{"@type":"ImageObject","inLanguage":"de","@id":"https:\/\/boeimige.ch\/?page_id=531#primaryimage","url":"https:\/\/boeimige.ch\/wp-content\/uploads\/2024\/03\/marmotta_by_mathan-1.png","contentUrl":"https:\/\/boeimige.ch\/wp-content\/uploads\/2024\/03\/marmotta_by_mathan-1.png","width":500,"height":500},{"@type":"BreadcrumbList","@id":"https:\/\/boeimige.ch\/?page_id=531#breadcrumb","itemListElement":[{"@type":"ListItem","position":1,"name":"Start","item":"https:\/\/boeimige.ch\/"},{"@type":"ListItem","position":2,"name":"Angebot","item":"https:\/\/boeimige.ch\/?page_id=64"},{"@type":"ListItem","position":3,"name":"Ferienspasstage und Projekt Marmotta"}]},{"@type":"WebSite","@id":"https:\/\/boeimige.ch\/#website","url":"https:\/\/boeimige.ch\/","name":"B\u00f6imige Naturprojekte","description":"Waldspielgruppe und Walderlebnisse in Worb","publisher":{"@id":"https:\/\/boeimige.ch\/#organization"},"potentialAction":[{"@type":"SearchAction","target":{"@type":"EntryPoint","urlTemplate":"https:\/\/boeimige.ch\/?s={search_term_string}"},"query-input":{"@type":"PropertyValueSpecification","valueRequired":true,"valueName":"search_term_string"}}],"inLanguage":"de"},{"@type":"Organization","@id":"https:\/\/boeimige.ch\/#organization","name":"B\u00f6imige Naturprojekte","url":"https:\/\/boeimige.ch\/","logo":{"@type":"ImageObject","inLanguage":"de","@id":"https:\/\/boeimige.ch\/#\/schema\/logo\/image\/","url":"https:\/\/boeimige.ch\/wp-content\/uploads\/2026\/08\/Logo-neu_farbig-scaled.png","contentUrl":"https:\/\/boeimige.ch\/wp-content\/uploads\/2026\/08\/Logo-neu_farbig-scaled.png","width":2318,"height":2560,"caption":"B\u00f6imige Naturprojekte"},"image":{"@id":"https:\/\/boeimige.ch\/#\/schema\/logo\/image\/"},"sameAs":["https:\/\/www.facebook.com\/Eggwald3076","https:\/\/www.instagram.com\/boeimige_waldspielgruppe?igsh=N2M2Ymt2bGVrYTEx&utm_source=qr"]}]}},"_links":{"self":[{"href":"https:\/\/boeimige.ch\/index.php?rest_route=\/wp\/v2\/pages\/531","targetHints":{"allow":["GET"]}}],"collection":[{"href":"https:\/\/boeimige.ch\/index.php?rest_route=\/wp\/v2\/pages"}],"about":[{"href":"https:\/\/boeimige.ch\/index.php?rest_route=\/wp\/v2\/types\/page"}],"author":[{"embeddable":true,"href":"https:\/\/boeimige.ch\/index.php?rest_route=\/wp\/v2\/users\/1"}],"replies":[{"embeddable":true,"href":"https:\/\/boeimige.ch\/index.php?rest_route=%2Fwp%2Fv2%2Fcomments&post=531"}],"version-history":[{"count":23,"href":"https:\/\/boeimige.ch\/index.php?rest_route=\/wp\/v2\/pages\/531\/revisions"}],"predecessor-version":[{"id":5702,"href":"https:\/\/boeimige.ch\/index.php?rest_route=\/wp\/v2\/pages\/531\/revisions\/5702"}],"up":[{"embeddable":true,"href":"https:\/\/boeimige.ch\/index.php?rest_route=\/wp\/v2\/pages\/64"}],"wp:attachment":[{"href":"https:\/\/boeimige.ch\/index.php?rest_route=%2Fwp%2Fv2%2Fmedia&parent=531"}],"curies":[{"name":"wp","href":"https:\/\/api.w.org\/{rel}","templated":true}]}}