{"id":934,"date":"2018-02-20T16:30:19","date_gmt":"2018-02-20T15:30:19","guid":{"rendered":"http:\/\/boeimige.ch\/?page_id=934"},"modified":"2026-08-07T09:39:48","modified_gmt":"2026-08-07T09:39:48","slug":"vereinsanlaesse","status":"publish","type":"page","link":"https:\/\/boeimige.ch\/?page_id=934","title":{"rendered":"Vereinsanl\u00e4sse"},"content":{"rendered":"\n<p class=\"wp-block-paragraph\">Am Fr, 28. August 2026 feiert der Verein B\u00f6imige Naturprojekte das 10-j\u00e4hrige Jubil\u00e4um! Infos folgen. <\/p>\n\n\n\n<p class=\"wp-block-paragraph\"><\/p>\n\n\n\n<p class=\"wp-block-paragraph\"><\/p>\n\n\n\n<hr class=\"wp-block-separator has-alpha-channel-opacity\"\/>\n\n\n\n<p class=\"wp-block-paragraph\">Am 6.12.25 durften wir einen wunderbaren Familienanlass mit dem Samichlous und einem feinen Fonudue erleben.  <\/p>\n\n\n\n<figure class=\"wp-block-image size-large is-resized\"><img loading=\"lazy\" decoding=\"async\" width=\"1024\" height=\"1024\" src=\"https:\/\/boeimige.ch\/wp-content\/uploads\/2025\/12\/IMG_3467-1024x1024.jpg\" alt=\"\" class=\"wp-image-5606\" style=\"width:455px;height:auto\" srcset=\"https:\/\/boeimige.ch\/wp-content\/uploads\/2025\/12\/IMG_3467-1024x1024.jpg 1024w, https:\/\/boeimige.ch\/wp-content\/uploads\/2025\/12\/IMG_3467-300x300.jpg 300w, https:\/\/boeimige.ch\/wp-content\/uploads\/2025\/12\/IMG_3467-150x150.jpg 150w, https:\/\/boeimige.ch\/wp-content\/uploads\/2025\/12\/IMG_3467-768x768.jpg 768w, https:\/\/boeimige.ch\/wp-content\/uploads\/2025\/12\/IMG_3467-1536x1536.jpg 1536w, https:\/\/boeimige.ch\/wp-content\/uploads\/2025\/12\/IMG_3467-2048x2048.jpg 2048w\" sizes=\"auto, (max-width: 1024px) 100vw, 1024px\" \/><\/figure>\n\n\n\n<figure class=\"wp-block-gallery has-nested-images columns-3 is-cropped wp-block-gallery-1 is-layout-flex wp-block-gallery-is-layout-flex\">\n<figure class=\"wp-block-image size-large\"><a href=\"https:\/\/boeimige.ch\/angebot\/vereinsanlaesse\/vereinsanlaesse1\/\"><img decoding=\"async\" data-id=\"1067\" src=\"https:\/\/boeimigenaturprojektedotch.files.wordpress.com\/2019\/01\/vereinsanl\u00e4sse1.jpg\" alt=\"\" class=\"wp-image-1067\"\/><\/a><\/figure>\n\n\n\n<figure class=\"wp-block-image size-large\"><a href=\"https:\/\/boeimige.ch\/angebot\/vereinsanlaesse\/vereinsanlaesse2\/\"><img decoding=\"async\" data-id=\"1068\" src=\"https:\/\/boeimigenaturprojektedotch.files.wordpress.com\/2019\/01\/vereinsanl\u00e4sse2.jpg\" alt=\"\" class=\"wp-image-1068\"\/><\/a><\/figure>\n\n\n\n<figure class=\"wp-block-image size-large\"><a href=\"https:\/\/boeimige.ch\/angebot\/vereinsanlaesse\/vereinsanlaesse3\/\"><img decoding=\"async\" data-id=\"1069\" src=\"https:\/\/boeimigenaturprojektedotch.files.wordpress.com\/2019\/01\/vereinsanl\u00e4sse3.jpg\" alt=\"\" class=\"wp-image-1069\"\/><\/a><\/figure>\n<\/figure>\n\n\n\n<p class=\"wp-block-paragraph\"><\/p>\n","protected":false},"excerpt":{"rendered":"<p>Am Fr, 28. August 2026 feiert der Verein B\u00f6imige Naturprojekte das 10-j\u00e4hrige Jubil\u00e4um! Infos folgen. Am 6.12.25 durften wir einen wunderbaren Familienanlass mit dem Samichlous und einem feinen Fonudue erleben.<\/p>\n","protected":false},"author":1,"featured_media":0,"parent":64,"menu_order":0,"comment_status":"closed","ping_status":"closed","template":"sidebar-page.php","meta":{"footnotes":""},"class_list":["post-934","page","type-page","status-publish","hentry"],"yoast_head":"<!-- This site is optimized with the Yoast SEO plugin v28.3 - https:\/\/yoast.com\/product\/yoast-seo-wordpress\/ -->\n<title>Vereinsanl\u00e4sse - B\u00f6imige Naturprojekte<\/title>\n<meta name=\"robots\" content=\"index, follow, max-snippet:-1, max-image-preview:large, max-video-preview:-1\" \/>\n<link rel=\"canonical\" href=\"https:\/\/boeimige.ch\/?page_id=934\" \/>\n<meta property=\"og:locale\" content=\"de_DE\" \/>\n<meta property=\"og:type\" content=\"article\" \/>\n<meta property=\"og:title\" content=\"Vereinsanl\u00e4sse - B\u00f6imige Naturprojekte\" \/>\n<meta property=\"og:description\" content=\"Am Fr, 28. August 2026 feiert der Verein B\u00f6imige Naturprojekte das 10-j\u00e4hrige Jubil\u00e4um! Infos folgen. Am 6.12.25 durften wir einen wunderbaren Familienanlass mit dem Samichlous und einem feinen Fonudue erleben.\" \/>\n<meta property=\"og:url\" content=\"https:\/\/boeimige.ch\/?page_id=934\" \/>\n<meta property=\"og:site_name\" content=\"B\u00f6imige Naturprojekte\" \/>\n<meta property=\"article:publisher\" content=\"https:\/\/www.facebook.com\/Eggwald3076\" \/>\n<meta property=\"article:modified_time\" content=\"2026-08-07T09:39:48+00:00\" \/>\n<meta property=\"og:image\" content=\"https:\/\/boeimige.ch\/wp-content\/uploads\/2025\/12\/IMG_3467-scaled.jpg\" \/>\n\t<meta property=\"og:image:width\" content=\"2560\" \/>\n\t<meta property=\"og:image:height\" content=\"2560\" \/>\n\t<meta property=\"og:image:type\" content=\"image\/jpeg\" \/>\n<meta name=\"twitter:card\" content=\"summary_large_image\" \/>\n<script type=\"application\/ld+json\" class=\"yoast-schema-graph\">{\"@context\":\"https:\\\/\\\/schema.org\",\"@graph\":[{\"@type\":\"WebPage\",\"@id\":\"https:\\\/\\\/boeimige.ch\\\/?page_id=934\",\"url\":\"https:\\\/\\\/boeimige.ch\\\/?page_id=934\",\"name\":\"Vereinsanl\u00e4sse - B\u00f6imige Naturprojekte\",\"isPartOf\":{\"@id\":\"https:\\\/\\\/boeimige.ch\\\/#website\"},\"primaryImageOfPage\":{\"@id\":\"https:\\\/\\\/boeimige.ch\\\/?page_id=934#primaryimage\"},\"image\":{\"@id\":\"https:\\\/\\\/boeimige.ch\\\/?page_id=934#primaryimage\"},\"thumbnailUrl\":\"https:\\\/\\\/boeimige.ch\\\/wp-content\\\/uploads\\\/2025\\\/12\\\/IMG_3467-1024x1024.jpg\",\"datePublished\":\"2018-02-20T15:30:19+00:00\",\"dateModified\":\"2026-08-07T09:39:48+00:00\",\"breadcrumb\":{\"@id\":\"https:\\\/\\\/boeimige.ch\\\/?page_id=934#breadcrumb\"},\"inLanguage\":\"de\",\"potentialAction\":[{\"@type\":\"ReadAction\",\"target\":[\"https:\\\/\\\/boeimige.ch\\\/?page_id=934\"]}]},{\"@type\":\"ImageObject\",\"inLanguage\":\"de\",\"@id\":\"https:\\\/\\\/boeimige.ch\\\/?page_id=934#primaryimage\",\"url\":\"https:\\\/\\\/boeimige.ch\\\/wp-content\\\/uploads\\\/2025\\\/12\\\/IMG_3467-scaled.jpg\",\"contentUrl\":\"https:\\\/\\\/boeimige.ch\\\/wp-content\\\/uploads\\\/2025\\\/12\\\/IMG_3467-scaled.jpg\",\"width\":2560,\"height\":2560},{\"@type\":\"BreadcrumbList\",\"@id\":\"https:\\\/\\\/boeimige.ch\\\/?page_id=934#breadcrumb\",\"itemListElement\":[{\"@type\":\"ListItem\",\"position\":1,\"name\":\"Start\",\"item\":\"https:\\\/\\\/boeimige.ch\\\/\"},{\"@type\":\"ListItem\",\"position\":2,\"name\":\"Angebot\",\"item\":\"https:\\\/\\\/boeimige.ch\\\/?page_id=64\"},{\"@type\":\"ListItem\",\"position\":3,\"name\":\"Vereinsanl\u00e4sse\"}]},{\"@type\":\"WebSite\",\"@id\":\"https:\\\/\\\/boeimige.ch\\\/#website\",\"url\":\"https:\\\/\\\/boeimige.ch\\\/\",\"name\":\"B\u00f6imige Naturprojekte\",\"description\":\"Waldspielgruppe und Walderlebnisse in Worb\",\"publisher\":{\"@id\":\"https:\\\/\\\/boeimige.ch\\\/#organization\"},\"potentialAction\":[{\"@type\":\"SearchAction\",\"target\":{\"@type\":\"EntryPoint\",\"urlTemplate\":\"https:\\\/\\\/boeimige.ch\\\/?s={search_term_string}\"},\"query-input\":{\"@type\":\"PropertyValueSpecification\",\"valueRequired\":true,\"valueName\":\"search_term_string\"}}],\"inLanguage\":\"de\"},{\"@type\":\"Organization\",\"@id\":\"https:\\\/\\\/boeimige.ch\\\/#organization\",\"name\":\"B\u00f6imige Naturprojekte\",\"url\":\"https:\\\/\\\/boeimige.ch\\\/\",\"logo\":{\"@type\":\"ImageObject\",\"inLanguage\":\"de\",\"@id\":\"https:\\\/\\\/boeimige.ch\\\/#\\\/schema\\\/logo\\\/image\\\/\",\"url\":\"https:\\\/\\\/boeimige.ch\\\/wp-content\\\/uploads\\\/2026\\\/08\\\/Logo-neu_farbig-scaled.png\",\"contentUrl\":\"https:\\\/\\\/boeimige.ch\\\/wp-content\\\/uploads\\\/2026\\\/08\\\/Logo-neu_farbig-scaled.png\",\"width\":2318,\"height\":2560,\"caption\":\"B\u00f6imige Naturprojekte\"},\"image\":{\"@id\":\"https:\\\/\\\/boeimige.ch\\\/#\\\/schema\\\/logo\\\/image\\\/\"},\"sameAs\":[\"https:\\\/\\\/www.facebook.com\\\/Eggwald3076\",\"https:\\\/\\\/www.instagram.com\\\/boeimige_waldspielgruppe?igsh=N2M2Ymt2bGVrYTEx&utm_source=qr\"]}]}<\/script>\n<!-- \/ Yoast SEO plugin. -->","yoast_head_json":{"title":"Vereinsanl\u00e4sse - B\u00f6imige Naturprojekte","robots":{"index":"index","follow":"follow","max-snippet":"max-snippet:-1","max-image-preview":"max-image-preview:large","max-video-preview":"max-video-preview:-1"},"canonical":"https:\/\/boeimige.ch\/?page_id=934","og_locale":"de_DE","og_type":"article","og_title":"Vereinsanl\u00e4sse - B\u00f6imige Naturprojekte","og_description":"Am Fr, 28. August 2026 feiert der Verein B\u00f6imige Naturprojekte das 10-j\u00e4hrige Jubil\u00e4um! Infos folgen. Am 6.12.25 durften wir einen wunderbaren Familienanlass mit dem Samichlous und einem feinen Fonudue erleben.","og_url":"https:\/\/boeimige.ch\/?page_id=934","og_site_name":"B\u00f6imige Naturprojekte","article_publisher":"https:\/\/www.facebook.com\/Eggwald3076","article_modified_time":"2026-08-07T09:39:48+00:00","og_image":[{"width":2560,"height":2560,"url":"https:\/\/boeimige.ch\/wp-content\/uploads\/2025\/12\/IMG_3467-scaled.jpg","type":"image\/jpeg"}],"twitter_card":"summary_large_image","schema":{"@context":"https:\/\/schema.org","@graph":[{"@type":"WebPage","@id":"https:\/\/boeimige.ch\/?page_id=934","url":"https:\/\/boeimige.ch\/?page_id=934","name":"Vereinsanl\u00e4sse - B\u00f6imige Naturprojekte","isPartOf":{"@id":"https:\/\/boeimige.ch\/#website"},"primaryImageOfPage":{"@id":"https:\/\/boeimige.ch\/?page_id=934#primaryimage"},"image":{"@id":"https:\/\/boeimige.ch\/?page_id=934#primaryimage"},"thumbnailUrl":"https:\/\/boeimige.ch\/wp-content\/uploads\/2025\/12\/IMG_3467-1024x1024.jpg","datePublished":"2018-02-20T15:30:19+00:00","dateModified":"2026-08-07T09:39:48+00:00","breadcrumb":{"@id":"https:\/\/boeimige.ch\/?page_id=934#breadcrumb"},"inLanguage":"de","potentialAction":[{"@type":"ReadAction","target":["https:\/\/boeimige.ch\/?page_id=934"]}]},{"@type":"ImageObject","inLanguage":"de","@id":"https:\/\/boeimige.ch\/?page_id=934#primaryimage","url":"https:\/\/boeimige.ch\/wp-content\/uploads\/2025\/12\/IMG_3467-scaled.jpg","contentUrl":"https:\/\/boeimige.ch\/wp-content\/uploads\/2025\/12\/IMG_3467-scaled.jpg","width":2560,"height":2560},{"@type":"BreadcrumbList","@id":"https:\/\/boeimige.ch\/?page_id=934#breadcrumb","itemListElement":[{"@type":"ListItem","position":1,"name":"Start","item":"https:\/\/boeimige.ch\/"},{"@type":"ListItem","position":2,"name":"Angebot","item":"https:\/\/boeimige.ch\/?page_id=64"},{"@type":"ListItem","position":3,"name":"Vereinsanl\u00e4sse"}]},{"@type":"WebSite","@id":"https:\/\/boeimige.ch\/#website","url":"https:\/\/boeimige.ch\/","name":"B\u00f6imige Naturprojekte","description":"Waldspielgruppe und Walderlebnisse in Worb","publisher":{"@id":"https:\/\/boeimige.ch\/#organization"},"potentialAction":[{"@type":"SearchAction","target":{"@type":"EntryPoint","urlTemplate":"https:\/\/boeimige.ch\/?s={search_term_string}"},"query-input":{"@type":"PropertyValueSpecification","valueRequired":true,"valueName":"search_term_string"}}],"inLanguage":"de"},{"@type":"Organization","@id":"https:\/\/boeimige.ch\/#organization","name":"B\u00f6imige Naturprojekte","url":"https:\/\/boeimige.ch\/","logo":{"@type":"ImageObject","inLanguage":"de","@id":"https:\/\/boeimige.ch\/#\/schema\/logo\/image\/","url":"https:\/\/boeimige.ch\/wp-content\/uploads\/2026\/08\/Logo-neu_farbig-scaled.png","contentUrl":"https:\/\/boeimige.ch\/wp-content\/uploads\/2026\/08\/Logo-neu_farbig-scaled.png","width":2318,"height":2560,"caption":"B\u00f6imige Naturprojekte"},"image":{"@id":"https:\/\/boeimige.ch\/#\/schema\/logo\/image\/"},"sameAs":["https:\/\/www.facebook.com\/Eggwald3076","https:\/\/www.instagram.com\/boeimige_waldspielgruppe?igsh=N2M2Ymt2bGVrYTEx&utm_source=qr"]}]}},"_links":{"self":[{"href":"https:\/\/boeimige.ch\/index.php?rest_route=\/wp\/v2\/pages\/934","targetHints":{"allow":["GET"]}}],"collection":[{"href":"https:\/\/boeimige.ch\/index.php?rest_route=\/wp\/v2\/pages"}],"about":[{"href":"https:\/\/boeimige.ch\/index.php?rest_route=\/wp\/v2\/types\/page"}],"author":[{"embeddable":true,"href":"https:\/\/boeimige.ch\/index.php?rest_route=\/wp\/v2\/users\/1"}],"replies":[{"embeddable":true,"href":"https:\/\/boeimige.ch\/index.php?rest_route=%2Fwp%2Fv2%2Fcomments&post=934"}],"version-history":[{"count":29,"href":"https:\/\/boeimige.ch\/index.php?rest_route=\/wp\/v2\/pages\/934\/revisions"}],"predecessor-version":[{"id":5770,"href":"https:\/\/boeimige.ch\/index.php?rest_route=\/wp\/v2\/pages\/934\/revisions\/5770"}],"up":[{"embeddable":true,"href":"https:\/\/boeimige.ch\/index.php?rest_route=\/wp\/v2\/pages\/64"}],"wp:attachment":[{"href":"https:\/\/boeimige.ch\/index.php?rest_route=%2Fwp%2Fv2%2Fmedia&parent=934"}],"curies":[{"name":"wp","href":"https:\/\/api.w.org\/{rel}","templated":true}]}}